{"id":17,"date":"2023-12-19T09:44:17","date_gmt":"2023-12-19T12:44:17","guid":{"rendered":"http:\/\/www.hcdcoronelsuarez.gob.ar\/?page_id=17"},"modified":"2023-12-27T08:53:06","modified_gmt":"2023-12-27T11:53:06","slug":"comisiones","status":"publish","type":"page","link":"https:\/\/www.hcdcoronelsuarez.gob.ar\/index.php\/comisiones\/","title":{"rendered":"Comisiones"},"content":{"rendered":"<section class=\"wpb-content-wrapper\"><p>[vc_row full_width=&#8221;stretch_row&#8221; bg_type=&#8221;image&#8221; parallax_style=&#8221;vcpb-animated&#8221; bg_image_new=&#8221;105&#8243; animation_direction=&#8221;bottom-animation&#8221; disable_on_mobile_img_parallax=&#8221;off&#8221; parallax_content=&#8221;parallax_content_value&#8221; parallax_content_sense=&#8221;70&#8243; fadeout_row=&#8221;fadeout_row_value&#8221; fadeout_start_effect=&#8221;50&#8243; enable_overlay=&#8221;enable_overlay_value&#8221; overlay_pattern=&#8221;09.png&#8221; seperator_enable=&#8221;seperator_enable_value&#8221; seperator_type=&#8221;multi_triangle_seperator&#8221; seperator_position=&#8221;bottom_seperator&#8221; seperator_svg_height=&#8221;100&#8243; seperator_shape_background=&#8221;#ffffff&#8221; css=&#8221;.vc_custom_1529064766889{padding-top: 200px !important;padding-bottom: 150px !important;}&#8221;][vc_column]<h2 class=\"boc_heading  center  boc_animate_when_almost_visible boc_fade-in\"  style=\"margin-bottom: 20px;margin-top: 0px;color: #ffffff;font-size: 54px;\"><span>Comisiones<\/span><\/h2>[\/vc_column][\/vc_row][vc_row][vc_column]\n\t\t<!--New Tabs-->\n\t\t<div class=\"newtabs clearfix vertical \">\n\t\t\t<ul class=\"resp-tabs-list\">\n\t\t\t<\/ul>\n\t\t\t<div class=\"resp-tabs-container\">\n\t\t<div class=\"single_tab_div\" rel-title=\"&lt;strong&gt;Comisi\u00f3n de Hacienda&lt;\/strong&gt;\" rel-icon=\"\">[vc_column_text]<em><strong>Funciones:<\/strong><\/em><\/p>\n<ul>\n<li>Adquisici\u00f3n y enajenaci\u00f3n de las propiedades municipales, as\u00ed como su arrendamiento.<\/li>\n<li>Fijaci\u00f3n, supresi\u00f3n o exoneraci\u00f3n de impuestos, aumento o disminuci\u00f3n de las cuotas de los mismos y reglamentar su percepci\u00f3n.<\/li>\n<li>Establecimiento y exoneraci\u00f3n de multas.<\/li>\n<li>Autorizaci\u00f3n de gastos no incluidos en el Presupuesto.<\/li>\n<li>Aceptaci\u00f3n o rechazo de donaciones o legados.<\/li>\n<li>Resolver asuntos o proyectos sobre cr\u00e9ditos o contrataci\u00f3n de empr\u00e9stitos.<\/li>\n<li>Todo otro asunto referente a la hacienda p\u00fablica, subvenciones, etc.-<\/li>\n<\/ul>\n<p>[\/vc_column_text][vc_row_inner][vc_column_inner width=&#8221;1\/2&#8243;]\t<div class=\"team_block_content  \">\n\t\t\t\t\t<div class=\"pic\">\n\t\t\t\t\t\t\n\t\t\t\t\t\t<div class=\"team_image boxed \"><img loading=\"lazy\" decoding=\"async\" width=\"192\" height=\"182\" src=\"https:\/\/www.hcdcoronelsuarez.gob.ar\/wp-content\/uploads\/2023\/12\/nestor_carbini.jpg\" class=\"attachment-full size-full\" alt=\"\" \/><\/div>\n\t\t\t\t\t\t\n\t\t\t\t\t\t\n\t\t\t\t\t\t\n\t\t\t\t\t\t<div class=\"team_block\">\n\t\t\t\t\t\t\t<h4>N\u00e9stor Iv\u00e1n Carbini<\/h4>\n\t\t\t\t\t\t\t<p class=\"team_desc\">Presidente<\/p>\n\t\t\t\t\t\t\t<p class=\"team_text\"><\/p>\n\t\t\t\t\t\t\t<div class=\"team_icons\">\n\t\t\t\t\t\t\n\t\t\t\t\t\t\n\t\t\t\t\t\t\n\t\t\t\t\t\t\n\t\t\t\t\t\t\n\t\t\t\t\t\t\n\t\t\t\t\t\t\n\t\t\t\t\t\t\n\t\t\t\t\t\t\t<\/div>\n\t\t\t\t\t\t<\/div>\n\t\t\t\t\t<\/div>\n\t\t\t\t<\/div>\n\t\t\t[\/vc_column_inner][vc_column_inner width=&#8221;1\/2&#8243;]\t<div class=\"team_block_content  \">\n\t\t\t\t\t<div class=\"pic\">\n\t\t\t\t\t\t\n\t\t\t\t\t\t<div class=\"team_image boxed \"><img loading=\"lazy\" decoding=\"async\" width=\"192\" height=\"182\" src=\"https:\/\/www.hcdcoronelsuarez.gob.ar\/wp-content\/uploads\/2023\/12\/mariajose_lacoste.jpg\" class=\"attachment-full size-full\" alt=\"\" \/><\/div>\n\t\t\t\t\t\t\n\t\t\t\t\t\t\n\t\t\t\t\t\t\n\t\t\t\t\t\t<div class=\"team_block\">\n\t\t\t\t\t\t\t<h4>Mar\u00eda Jos\u00e9 Lacoste<\/h4>\n\t\t\t\t\t\t\t<p class=\"team_desc\">Secretario<\/p>\n\t\t\t\t\t\t\t<p class=\"team_text\"><\/p>\n\t\t\t\t\t\t\t<div class=\"team_icons\">\n\t\t\t\t\t\t\n\t\t\t\t\t\t\n\t\t\t\t\t\t\n\t\t\t\t\t\t\n\t\t\t\t\t\t\n\t\t\t\t\t\t\n\t\t\t\t\t\t\n\t\t\t\t\t\t\n\t\t\t\t\t\t\t<\/div>\n\t\t\t\t\t\t<\/div>\n\t\t\t\t\t<\/div>\n\t\t\t\t<\/div>\n\t\t\t[\/vc_column_inner][\/vc_row_inner][vc_row_inner][vc_column_inner width=&#8221;1\/3&#8243;]\t<div class=\"team_block_content  \">\n\t\t\t\t\t<div class=\"pic\">\n\t\t\t\t\t\t\n\t\t\t\t\t\t<div class=\"team_image boxed \"><img loading=\"lazy\" decoding=\"async\" width=\"192\" height=\"182\" src=\"https:\/\/www.hcdcoronelsuarez.gob.ar\/wp-content\/uploads\/2023\/12\/lourdes_fernandez.jpg\" class=\"attachment-full size-full\" alt=\"\" \/><\/div>\n\t\t\t\t\t\t\n\t\t\t\t\t\t\n\t\t\t\t\t\t\n\t\t\t\t\t\t<div class=\"team_block\">\n\t\t\t\t\t\t\t<h4>Lourdes Fernandez<\/h4>\n\t\t\t\t\t\t\t<p class=\"team_desc\"><\/p>\n\t\t\t\t\t\t\t<p class=\"team_text\"><\/p>\n\t\t\t\t\t\t\t<div class=\"team_icons\">\n\t\t\t\t\t\t\n\t\t\t\t\t\t\n\t\t\t\t\t\t\n\t\t\t\t\t\t\n\t\t\t\t\t\t\n\t\t\t\t\t\t\n\t\t\t\t\t\t\n\t\t\t\t\t\t\n\t\t\t\t\t\t\t<\/div>\n\t\t\t\t\t\t<\/div>\n\t\t\t\t\t<\/div>\n\t\t\t\t<\/div>\n\t\t\t[\/vc_column_inner][vc_column_inner width=&#8221;1\/3&#8243;]\t<div class=\"team_block_content  \">\n\t\t\t\t\t<div class=\"pic\">\n\t\t\t\t\t\t\n\t\t\t\t\t\t<div class=\"team_image boxed \"><img loading=\"lazy\" decoding=\"async\" width=\"192\" height=\"182\" src=\"https:\/\/www.hcdcoronelsuarez.gob.ar\/wp-content\/uploads\/2023\/12\/juan_bonnaterre.jpg\" class=\"attachment-full size-full\" alt=\"\" \/><\/div>\n\t\t\t\t\t\t\n\t\t\t\t\t\t\n\t\t\t\t\t\t\n\t\t\t\t\t\t<div class=\"team_block\">\n\t\t\t\t\t\t\t<h4>Juan Manuel Bonnaterre<\/h4>\n\t\t\t\t\t\t\t<p class=\"team_desc\"><\/p>\n\t\t\t\t\t\t\t<p class=\"team_text\"><\/p>\n\t\t\t\t\t\t\t<div class=\"team_icons\">\n\t\t\t\t\t\t\n\t\t\t\t\t\t\n\t\t\t\t\t\t\n\t\t\t\t\t\t\n\t\t\t\t\t\t\n\t\t\t\t\t\t\n\t\t\t\t\t\t\n\t\t\t\t\t\t\n\t\t\t\t\t\t\t<\/div>\n\t\t\t\t\t\t<\/div>\n\t\t\t\t\t<\/div>\n\t\t\t\t<\/div>\n\t\t\t[\/vc_column_inner][vc_column_inner width=&#8221;1\/3&#8243;]\t<div class=\"team_block_content  \">\n\t\t\t\t\t<div class=\"pic\">\n\t\t\t\t\t\t\n\t\t\t\t\t\t<div class=\"team_image boxed \"><img loading=\"lazy\" decoding=\"async\" width=\"192\" height=\"182\" src=\"https:\/\/www.hcdcoronelsuarez.gob.ar\/wp-content\/uploads\/2023\/12\/valeria_negrin.jpg\" class=\"attachment-full size-full\" alt=\"\" \/><\/div>\n\t\t\t\t\t\t\n\t\t\t\t\t\t\n\t\t\t\t\t\t\n\t\t\t\t\t\t<div class=\"team_block\">\n\t\t\t\t\t\t\t<h4>Valeria Negr\u00edn<\/h4>\n\t\t\t\t\t\t\t<p class=\"team_desc\"><\/p>\n\t\t\t\t\t\t\t<p class=\"team_text\"><\/p>\n\t\t\t\t\t\t\t<div class=\"team_icons\">\n\t\t\t\t\t\t\n\t\t\t\t\t\t\n\t\t\t\t\t\t\n\t\t\t\t\t\t\n\t\t\t\t\t\t\n\t\t\t\t\t\t\n\t\t\t\t\t\t\n\t\t\t\t\t\t\n\t\t\t\t\t\t\t<\/div>\n\t\t\t\t\t\t<\/div>\n\t\t\t\t\t<\/div>\n\t\t\t\t<\/div>\n\t\t\t[\/vc_column_inner][\/vc_row_inner][vc_row_inner][vc_column_inner width=&#8221;1\/3&#8243;]\t<div class=\"team_block_content  \">\n\t\t\t\t\t<div class=\"pic\">\n\t\t\t\t\t\t\n\t\t\t\t\t\t<div class=\"team_image boxed \"><img loading=\"lazy\" decoding=\"async\" width=\"192\" height=\"182\" src=\"https:\/\/www.hcdcoronelsuarez.gob.ar\/wp-content\/uploads\/2023\/12\/alfredo_benz.jpg\" class=\"attachment-full size-full\" alt=\"\" \/><\/div>\n\t\t\t\t\t\t\n\t\t\t\t\t\t\n\t\t\t\t\t\t\n\t\t\t\t\t\t<div class=\"team_block\">\n\t\t\t\t\t\t\t<h4>Alejandro Benz<\/h4>\n\t\t\t\t\t\t\t<p class=\"team_desc\"><\/p>\n\t\t\t\t\t\t\t<p class=\"team_text\"><\/p>\n\t\t\t\t\t\t\t<div class=\"team_icons\">\n\t\t\t\t\t\t\n\t\t\t\t\t\t\n\t\t\t\t\t\t\n\t\t\t\t\t\t\n\t\t\t\t\t\t\n\t\t\t\t\t\t\n\t\t\t\t\t\t\n\t\t\t\t\t\t\n\t\t\t\t\t\t\t<\/div>\n\t\t\t\t\t\t<\/div>\n\t\t\t\t\t<\/div>\n\t\t\t\t<\/div>\n\t\t\t[\/vc_column_inner][vc_column_inner width=&#8221;1\/3&#8243;]\t<div class=\"team_block_content  \">\n\t\t\t\t\t<div class=\"pic\">\n\t\t\t\t\t\t\n\t\t\t\t\t\t<div class=\"team_image boxed \"><img loading=\"lazy\" decoding=\"async\" width=\"192\" height=\"182\" src=\"https:\/\/www.hcdcoronelsuarez.gob.ar\/wp-content\/uploads\/2023\/12\/hugo_schulmeister.jpg\" class=\"attachment-full size-full\" alt=\"\" \/><\/div>\n\t\t\t\t\t\t\n\t\t\t\t\t\t\n\t\t\t\t\t\t\n\t\t\t\t\t\t<div class=\"team_block\">\n\t\t\t\t\t\t\t<h4>Hugo Schulmeister<\/h4>\n\t\t\t\t\t\t\t<p class=\"team_desc\"><\/p>\n\t\t\t\t\t\t\t<p class=\"team_text\"><\/p>\n\t\t\t\t\t\t\t<div class=\"team_icons\">\n\t\t\t\t\t\t\n\t\t\t\t\t\t\n\t\t\t\t\t\t\n\t\t\t\t\t\t\n\t\t\t\t\t\t\n\t\t\t\t\t\t\n\t\t\t\t\t\t\n\t\t\t\t\t\t\n\t\t\t\t\t\t\t<\/div>\n\t\t\t\t\t\t<\/div>\n\t\t\t\t\t<\/div>\n\t\t\t\t<\/div>\n\t\t\t[\/vc_column_inner][vc_column_inner width=&#8221;1\/3&#8243;][\/vc_column_inner][\/vc_row_inner]<\/div><div class=\"single_tab_div\" rel-title=\"&lt;strong&gt;Comisi\u00f3n de Obras P\u00fablicas, Seguridad e Higiene&lt;\/strong&gt;\" rel-icon=\"\">[vc_column_text]<em><strong>Funciones:<\/strong><\/em><\/p>\n<ul>\n<li>Ensanche, apertura, clausura de calles o plazas, delineaciones, condiciones de edificaci\u00f3n, niveles, conservaci\u00f3n de obras p\u00fablicas municipales.<\/li>\n<li>Medios de movilidad, comunicaci\u00f3n y transporte.<\/li>\n<li>Alumbrado p\u00fablico, agua corriente, pavimentaci\u00f3n y tr\u00e1nsito y estacionamiento de veh\u00edculos.<\/li>\n<li>Expropiaci\u00f3n de terrenos para calles, plazas o paseos.<\/li>\n<li>Dep\u00f3sitos y talleres.-<\/li>\n<\/ul>\n<p>[\/vc_column_text][vc_row_inner][vc_column_inner width=&#8221;1\/2&#8243;]\t<div class=\"team_block_content  \">\n\t\t\t\t\t<div class=\"pic\">\n\t\t\t\t\t\t\n\t\t\t\t\t\t<div class=\"team_image boxed \"><img loading=\"lazy\" decoding=\"async\" width=\"192\" height=\"182\" src=\"https:\/\/www.hcdcoronelsuarez.gob.ar\/wp-content\/uploads\/2023\/12\/hugo_schulmeister.jpg\" class=\"attachment-full size-full\" alt=\"\" \/><\/div>\n\t\t\t\t\t\t\n\t\t\t\t\t\t\n\t\t\t\t\t\t\n\t\t\t\t\t\t<div class=\"team_block\">\n\t\t\t\t\t\t\t<h4>Hugo Schulmeister<\/h4>\n\t\t\t\t\t\t\t<p class=\"team_desc\">Presidente<\/p>\n\t\t\t\t\t\t\t<p class=\"team_text\"><\/p>\n\t\t\t\t\t\t\t<div class=\"team_icons\">\n\t\t\t\t\t\t\n\t\t\t\t\t\t\n\t\t\t\t\t\t\n\t\t\t\t\t\t\n\t\t\t\t\t\t\n\t\t\t\t\t\t\n\t\t\t\t\t\t\n\t\t\t\t\t\t\n\t\t\t\t\t\t\t<\/div>\n\t\t\t\t\t\t<\/div>\n\t\t\t\t\t<\/div>\n\t\t\t\t<\/div>\n\t\t\t[\/vc_column_inner][vc_column_inner width=&#8221;1\/2&#8243;]\t<div class=\"team_block_content  \">\n\t\t\t\t\t<div class=\"pic\">\n\t\t\t\t\t\t\n\t\t\t\t\t\t<div class=\"team_image boxed \"><img loading=\"lazy\" decoding=\"async\" width=\"192\" height=\"182\" src=\"https:\/\/www.hcdcoronelsuarez.gob.ar\/wp-content\/uploads\/2023\/12\/mauro_moccero.jpg\" class=\"attachment-full size-full\" alt=\"\" \/><\/div>\n\t\t\t\t\t\t\n\t\t\t\t\t\t\n\t\t\t\t\t\t\n\t\t\t\t\t\t<div class=\"team_block\">\n\t\t\t\t\t\t\t<h4>Mauro Moccero<\/h4>\n\t\t\t\t\t\t\t<p class=\"team_desc\">Secretario<\/p>\n\t\t\t\t\t\t\t<p class=\"team_text\"><\/p>\n\t\t\t\t\t\t\t<div class=\"team_icons\">\n\t\t\t\t\t\t\n\t\t\t\t\t\t\n\t\t\t\t\t\t\n\t\t\t\t\t\t\n\t\t\t\t\t\t\n\t\t\t\t\t\t\n\t\t\t\t\t\t\n\t\t\t\t\t\t\n\t\t\t\t\t\t\t<\/div>\n\t\t\t\t\t\t<\/div>\n\t\t\t\t\t<\/div>\n\t\t\t\t<\/div>\n\t\t\t[\/vc_column_inner][\/vc_row_inner][vc_row_inner][vc_column_inner width=&#8221;1\/3&#8243;]\t<div class=\"team_block_content  \">\n\t\t\t\t\t<div class=\"pic\">\n\t\t\t\t\t\t\n\t\t\t\t\t\t<div class=\"team_image boxed \"><img loading=\"lazy\" decoding=\"async\" width=\"192\" height=\"182\" src=\"https:\/\/www.hcdcoronelsuarez.gob.ar\/wp-content\/uploads\/2023\/12\/mariajose_lacoste.jpg\" class=\"attachment-full size-full\" alt=\"\" \/><\/div>\n\t\t\t\t\t\t\n\t\t\t\t\t\t\n\t\t\t\t\t\t\n\t\t\t\t\t\t<div class=\"team_block\">\n\t\t\t\t\t\t\t<h4>Mar\u00eda Jos\u00e9 Lacoste<\/h4>\n\t\t\t\t\t\t\t<p class=\"team_desc\"><\/p>\n\t\t\t\t\t\t\t<p class=\"team_text\"><\/p>\n\t\t\t\t\t\t\t<div class=\"team_icons\">\n\t\t\t\t\t\t\n\t\t\t\t\t\t\n\t\t\t\t\t\t\n\t\t\t\t\t\t\n\t\t\t\t\t\t\n\t\t\t\t\t\t\n\t\t\t\t\t\t\n\t\t\t\t\t\t\n\t\t\t\t\t\t\t<\/div>\n\t\t\t\t\t\t<\/div>\n\t\t\t\t\t<\/div>\n\t\t\t\t<\/div>\n\t\t\t[\/vc_column_inner][vc_column_inner width=&#8221;1\/3&#8243;]\t<div class=\"team_block_content  \">\n\t\t\t\t\t<div class=\"pic\">\n\t\t\t\t\t\t\n\t\t\t\t\t\t<div class=\"team_image boxed \"><img loading=\"lazy\" decoding=\"async\" width=\"192\" height=\"182\" src=\"https:\/\/www.hcdcoronelsuarez.gob.ar\/wp-content\/uploads\/2023\/12\/lourdes_fernandez.jpg\" class=\"attachment-full size-full\" alt=\"\" \/><\/div>\n\t\t\t\t\t\t\n\t\t\t\t\t\t\n\t\t\t\t\t\t\n\t\t\t\t\t\t<div class=\"team_block\">\n\t\t\t\t\t\t\t<h4>Lourdes Fernandez<\/h4>\n\t\t\t\t\t\t\t<p class=\"team_desc\"><\/p>\n\t\t\t\t\t\t\t<p class=\"team_text\"><\/p>\n\t\t\t\t\t\t\t<div class=\"team_icons\">\n\t\t\t\t\t\t\n\t\t\t\t\t\t\n\t\t\t\t\t\t\n\t\t\t\t\t\t\n\t\t\t\t\t\t\n\t\t\t\t\t\t\n\t\t\t\t\t\t\n\t\t\t\t\t\t\n\t\t\t\t\t\t\t<\/div>\n\t\t\t\t\t\t<\/div>\n\t\t\t\t\t<\/div>\n\t\t\t\t<\/div>\n\t\t\t[\/vc_column_inner][vc_column_inner width=&#8221;1\/3&#8243;]\t<div class=\"team_block_content  \">\n\t\t\t\t\t<div class=\"pic\">\n\t\t\t\t\t\t\n\t\t\t\t\t\t<div class=\"team_image boxed \"><img loading=\"lazy\" decoding=\"async\" width=\"192\" height=\"182\" src=\"https:\/\/www.hcdcoronelsuarez.gob.ar\/wp-content\/uploads\/2023\/12\/lujan_speranza.jpg\" class=\"attachment-full size-full\" alt=\"\" \/><\/div>\n\t\t\t\t\t\t\n\t\t\t\t\t\t\n\t\t\t\t\t\t\n\t\t\t\t\t\t<div class=\"team_block\">\n\t\t\t\t\t\t\t<h4>Lujan Speranza<\/h4>\n\t\t\t\t\t\t\t<p class=\"team_desc\"><\/p>\n\t\t\t\t\t\t\t<p class=\"team_text\"><\/p>\n\t\t\t\t\t\t\t<div class=\"team_icons\">\n\t\t\t\t\t\t\n\t\t\t\t\t\t\n\t\t\t\t\t\t\n\t\t\t\t\t\t\n\t\t\t\t\t\t\n\t\t\t\t\t\t\n\t\t\t\t\t\t\n\t\t\t\t\t\t\n\t\t\t\t\t\t\t<\/div>\n\t\t\t\t\t\t<\/div>\n\t\t\t\t\t<\/div>\n\t\t\t\t<\/div>\n\t\t\t[\/vc_column_inner][\/vc_row_inner][vc_row_inner][vc_column_inner width=&#8221;1\/3&#8243;]\t<div class=\"team_block_content  \">\n\t\t\t\t\t<div class=\"pic\">\n\t\t\t\t\t\t\n\t\t\t\t\t\t<div class=\"team_image boxed \"><img loading=\"lazy\" decoding=\"async\" width=\"192\" height=\"182\" src=\"https:\/\/www.hcdcoronelsuarez.gob.ar\/wp-content\/uploads\/2023\/12\/ricardo_salvi.jpg\" class=\"attachment-full size-full\" alt=\"\" \/><\/div>\n\t\t\t\t\t\t\n\t\t\t\t\t\t\n\t\t\t\t\t\t\n\t\t\t\t\t\t<div class=\"team_block\">\n\t\t\t\t\t\t\t<h4>Ricardo Salvi<\/h4>\n\t\t\t\t\t\t\t<p class=\"team_desc\"><\/p>\n\t\t\t\t\t\t\t<p class=\"team_text\"><\/p>\n\t\t\t\t\t\t\t<div class=\"team_icons\">\n\t\t\t\t\t\t\n\t\t\t\t\t\t\n\t\t\t\t\t\t\n\t\t\t\t\t\t\n\t\t\t\t\t\t\n\t\t\t\t\t\t\n\t\t\t\t\t\t\n\t\t\t\t\t\t\n\t\t\t\t\t\t\t<\/div>\n\t\t\t\t\t\t<\/div>\n\t\t\t\t\t<\/div>\n\t\t\t\t<\/div>\n\t\t\t[\/vc_column_inner][vc_column_inner width=&#8221;1\/3&#8243;]\t<div class=\"team_block_content  \">\n\t\t\t\t\t<div class=\"pic\">\n\t\t\t\t\t\t\n\t\t\t\t\t\t<div class=\"team_image boxed \"><img loading=\"lazy\" decoding=\"async\" width=\"192\" height=\"182\" src=\"https:\/\/www.hcdcoronelsuarez.gob.ar\/wp-content\/uploads\/2023\/12\/alfredo_benz.jpg\" class=\"attachment-full size-full\" alt=\"\" \/><\/div>\n\t\t\t\t\t\t\n\t\t\t\t\t\t\n\t\t\t\t\t\t\n\t\t\t\t\t\t<div class=\"team_block\">\n\t\t\t\t\t\t\t<h4>Alejandro Benz<\/h4>\n\t\t\t\t\t\t\t<p class=\"team_desc\"><\/p>\n\t\t\t\t\t\t\t<p class=\"team_text\"><\/p>\n\t\t\t\t\t\t\t<div class=\"team_icons\">\n\t\t\t\t\t\t\n\t\t\t\t\t\t\n\t\t\t\t\t\t\n\t\t\t\t\t\t\n\t\t\t\t\t\t\n\t\t\t\t\t\t\n\t\t\t\t\t\t\n\t\t\t\t\t\t\n\t\t\t\t\t\t\t<\/div>\n\t\t\t\t\t\t<\/div>\n\t\t\t\t\t<\/div>\n\t\t\t\t<\/div>\n\t\t\t[\/vc_column_inner][vc_column_inner width=&#8221;1\/3&#8243;][\/vc_column_inner][\/vc_row_inner]<\/div><div class=\"single_tab_div\" rel-title=\"&lt;strong&gt;Comisi\u00f3n de Interpretaci\u00f3n y Reglamento&lt;\/strong&gt;\" rel-icon=\"\">[vc_column_text]<em><strong>Funciones:<\/strong><\/em><\/p>\n<ul>\n<li>Dictaminar en todos los proyectos o asuntos relativos a disposiciones legales, reglamentaciones y Ordenanzas y sus reformas.<\/li>\n<li>Dictaminar en todos los contratos que la Municipalidad celebre con particulares, empresas o poderes p\u00fablicos.<\/li>\n<li>Resolver reclamos sobre interpretaci\u00f3n de resoluciones del Concejo.<\/li>\n<li>Entender todo asunto sobre legislaci\u00f3n, cuyo estudio no est\u00e9 confiado a otra Comisi\u00f3n por este Reglamento.-<\/li>\n<\/ul>\n<p>[\/vc_column_text][vc_row_inner][vc_column_inner width=&#8221;1\/2&#8243;]\t<div class=\"team_block_content  \">\n\t\t\t\t\t<div class=\"pic\">\n\t\t\t\t\t\t\n\t\t\t\t\t\t<div class=\"team_image boxed \"><img loading=\"lazy\" decoding=\"async\" width=\"192\" height=\"182\" src=\"https:\/\/www.hcdcoronelsuarez.gob.ar\/wp-content\/uploads\/2023\/12\/lourdes_fernandez.jpg\" class=\"attachment-full size-full\" alt=\"\" \/><\/div>\n\t\t\t\t\t\t\n\t\t\t\t\t\t\n\t\t\t\t\t\t\n\t\t\t\t\t\t<div class=\"team_block\">\n\t\t\t\t\t\t\t<h4>Lourdes Fernandez<\/h4>\n\t\t\t\t\t\t\t<p class=\"team_desc\">Presidente<\/p>\n\t\t\t\t\t\t\t<p class=\"team_text\"><\/p>\n\t\t\t\t\t\t\t<div class=\"team_icons\">\n\t\t\t\t\t\t\n\t\t\t\t\t\t\n\t\t\t\t\t\t\n\t\t\t\t\t\t\n\t\t\t\t\t\t\n\t\t\t\t\t\t\n\t\t\t\t\t\t\n\t\t\t\t\t\t\n\t\t\t\t\t\t\t<\/div>\n\t\t\t\t\t\t<\/div>\n\t\t\t\t\t<\/div>\n\t\t\t\t<\/div>\n\t\t\t[\/vc_column_inner][vc_column_inner width=&#8221;1\/2&#8243;]\t<div class=\"team_block_content  \">\n\t\t\t\t\t<div class=\"pic\">\n\t\t\t\t\t\t\n\t\t\t\t\t\t<div class=\"team_image boxed \"><img loading=\"lazy\" decoding=\"async\" width=\"192\" height=\"182\" src=\"https:\/\/www.hcdcoronelsuarez.gob.ar\/wp-content\/uploads\/2023\/12\/mauro_moccero.jpg\" class=\"attachment-full size-full\" alt=\"\" \/><\/div>\n\t\t\t\t\t\t\n\t\t\t\t\t\t\n\t\t\t\t\t\t\n\t\t\t\t\t\t<div class=\"team_block\">\n\t\t\t\t\t\t\t<h4>Mauro Moccero<\/h4>\n\t\t\t\t\t\t\t<p class=\"team_desc\">Secretario<\/p>\n\t\t\t\t\t\t\t<p class=\"team_text\"><\/p>\n\t\t\t\t\t\t\t<div class=\"team_icons\">\n\t\t\t\t\t\t\n\t\t\t\t\t\t\n\t\t\t\t\t\t\n\t\t\t\t\t\t\n\t\t\t\t\t\t\n\t\t\t\t\t\t\n\t\t\t\t\t\t\n\t\t\t\t\t\t\n\t\t\t\t\t\t\t<\/div>\n\t\t\t\t\t\t<\/div>\n\t\t\t\t\t<\/div>\n\t\t\t\t<\/div>\n\t\t\t[\/vc_column_inner][\/vc_row_inner][vc_row_inner][vc_column_inner width=&#8221;1\/3&#8243;]\t<div class=\"team_block_content  \">\n\t\t\t\t\t<div class=\"pic\">\n\t\t\t\t\t\t\n\t\t\t\t\t\t<div class=\"team_image boxed \"><img loading=\"lazy\" decoding=\"async\" width=\"192\" height=\"182\" src=\"https:\/\/www.hcdcoronelsuarez.gob.ar\/wp-content\/uploads\/2023\/12\/flavio_diez-1.jpg\" class=\"attachment-full size-full\" alt=\"\" \/><\/div>\n\t\t\t\t\t\t\n\t\t\t\t\t\t\n\t\t\t\t\t\t\n\t\t\t\t\t\t<div class=\"team_block\">\n\t\t\t\t\t\t\t<h4>Flavio Luis Diez<\/h4>\n\t\t\t\t\t\t\t<p class=\"team_desc\"><\/p>\n\t\t\t\t\t\t\t<p class=\"team_text\"><\/p>\n\t\t\t\t\t\t\t<div class=\"team_icons\">\n\t\t\t\t\t\t\n\t\t\t\t\t\t\n\t\t\t\t\t\t\n\t\t\t\t\t\t\n\t\t\t\t\t\t\n\t\t\t\t\t\t\n\t\t\t\t\t\t\n\t\t\t\t\t\t\n\t\t\t\t\t\t\t<\/div>\n\t\t\t\t\t\t<\/div>\n\t\t\t\t\t<\/div>\n\t\t\t\t<\/div>\n\t\t\t[\/vc_column_inner][vc_column_inner width=&#8221;1\/3&#8243;]\t<div class=\"team_block_content  \">\n\t\t\t\t\t<div class=\"pic\">\n\t\t\t\t\t\t\n\t\t\t\t\t\t<div class=\"team_image boxed \"><img loading=\"lazy\" decoding=\"async\" width=\"192\" height=\"182\" src=\"https:\/\/www.hcdcoronelsuarez.gob.ar\/wp-content\/uploads\/2023\/12\/valeria_negrin.jpg\" class=\"attachment-full size-full\" alt=\"\" \/><\/div>\n\t\t\t\t\t\t\n\t\t\t\t\t\t\n\t\t\t\t\t\t\n\t\t\t\t\t\t<div class=\"team_block\">\n\t\t\t\t\t\t\t<h4>Valeria Negr\u00edn<\/h4>\n\t\t\t\t\t\t\t<p class=\"team_desc\"><\/p>\n\t\t\t\t\t\t\t<p class=\"team_text\"><\/p>\n\t\t\t\t\t\t\t<div class=\"team_icons\">\n\t\t\t\t\t\t\n\t\t\t\t\t\t\n\t\t\t\t\t\t\n\t\t\t\t\t\t\n\t\t\t\t\t\t\n\t\t\t\t\t\t\n\t\t\t\t\t\t\n\t\t\t\t\t\t\n\t\t\t\t\t\t\t<\/div>\n\t\t\t\t\t\t<\/div>\n\t\t\t\t\t<\/div>\n\t\t\t\t<\/div>\n\t\t\t[\/vc_column_inner][vc_column_inner width=&#8221;1\/3&#8243;]\t<div class=\"team_block_content  \">\n\t\t\t\t\t<div class=\"pic\">\n\t\t\t\t\t\t\n\t\t\t\t\t\t<div class=\"team_image boxed \"><img loading=\"lazy\" decoding=\"async\" width=\"192\" height=\"182\" src=\"https:\/\/www.hcdcoronelsuarez.gob.ar\/wp-content\/uploads\/2023\/12\/evangelina_arroquy.jpg\" class=\"attachment-full size-full\" alt=\"\" \/><\/div>\n\t\t\t\t\t\t\n\t\t\t\t\t\t\n\t\t\t\t\t\t\n\t\t\t\t\t\t<div class=\"team_block\">\n\t\t\t\t\t\t\t<h4>Evangelina Arroquy<\/h4>\n\t\t\t\t\t\t\t<p class=\"team_desc\"><\/p>\n\t\t\t\t\t\t\t<p class=\"team_text\"><\/p>\n\t\t\t\t\t\t\t<div class=\"team_icons\">\n\t\t\t\t\t\t\n\t\t\t\t\t\t\n\t\t\t\t\t\t\n\t\t\t\t\t\t\n\t\t\t\t\t\t\n\t\t\t\t\t\t\n\t\t\t\t\t\t\n\t\t\t\t\t\t\n\t\t\t\t\t\t\t<\/div>\n\t\t\t\t\t\t<\/div>\n\t\t\t\t\t<\/div>\n\t\t\t\t<\/div>\n\t\t\t[\/vc_column_inner][\/vc_row_inner][vc_row_inner][vc_column_inner width=&#8221;1\/3&#8243;]\t<div class=\"team_block_content  \">\n\t\t\t\t\t<div class=\"pic\">\n\t\t\t\t\t\t\n\t\t\t\t\t\t<div class=\"team_image boxed \"><img loading=\"lazy\" decoding=\"async\" width=\"192\" height=\"182\" src=\"https:\/\/www.hcdcoronelsuarez.gob.ar\/wp-content\/uploads\/2023\/12\/nestor_carbini.jpg\" class=\"attachment-full size-full\" alt=\"\" \/><\/div>\n\t\t\t\t\t\t\n\t\t\t\t\t\t\n\t\t\t\t\t\t\n\t\t\t\t\t\t<div class=\"team_block\">\n\t\t\t\t\t\t\t<h4>N\u00e9stor Iv\u00e1n Carbini<\/h4>\n\t\t\t\t\t\t\t<p class=\"team_desc\"><\/p>\n\t\t\t\t\t\t\t<p class=\"team_text\"><\/p>\n\t\t\t\t\t\t\t<div class=\"team_icons\">\n\t\t\t\t\t\t\n\t\t\t\t\t\t\n\t\t\t\t\t\t\n\t\t\t\t\t\t\n\t\t\t\t\t\t\n\t\t\t\t\t\t\n\t\t\t\t\t\t\n\t\t\t\t\t\t\n\t\t\t\t\t\t\t<\/div>\n\t\t\t\t\t\t<\/div>\n\t\t\t\t\t<\/div>\n\t\t\t\t<\/div>\n\t\t\t[\/vc_column_inner][vc_column_inner width=&#8221;1\/3&#8243;]\t<div class=\"team_block_content  \">\n\t\t\t\t\t<div class=\"pic\">\n\t\t\t\t\t\t\n\t\t\t\t\t\t<div class=\"team_image boxed \"><img loading=\"lazy\" decoding=\"async\" width=\"192\" height=\"182\" src=\"https:\/\/www.hcdcoronelsuarez.gob.ar\/wp-content\/uploads\/2023\/12\/alfredo_benz.jpg\" class=\"attachment-full size-full\" alt=\"\" \/><\/div>\n\t\t\t\t\t\t\n\t\t\t\t\t\t\n\t\t\t\t\t\t\n\t\t\t\t\t\t<div class=\"team_block\">\n\t\t\t\t\t\t\t<h4>Alejandro Benz<\/h4>\n\t\t\t\t\t\t\t<p class=\"team_desc\"><\/p>\n\t\t\t\t\t\t\t<p class=\"team_text\"><\/p>\n\t\t\t\t\t\t\t<div class=\"team_icons\">\n\t\t\t\t\t\t\n\t\t\t\t\t\t\n\t\t\t\t\t\t\n\t\t\t\t\t\t\n\t\t\t\t\t\t\n\t\t\t\t\t\t\n\t\t\t\t\t\t\n\t\t\t\t\t\t\n\t\t\t\t\t\t\t<\/div>\n\t\t\t\t\t\t<\/div>\n\t\t\t\t\t<\/div>\n\t\t\t\t<\/div>\n\t\t\t[\/vc_column_inner][\/vc_row_inner]<\/div><div class=\"single_tab_div\" rel-title=\"&lt;strong&gt;Comisi\u00f3n de Presupuesto y Cuentas&lt;\/strong&gt;\" rel-icon=\"\">[vc_column_text]<em><strong>Funciones:<\/strong><\/em><\/p>\n<ul>\n<li>El Proyecto de Presupuesto de Gastos y Recursos que eleve el departamento Ejecutivo.<\/li>\n<li>El examen de las cuentas de la administraci\u00f3n municipal.<\/li>\n<\/ul>\n<p>[\/vc_column_text][vc_row_inner][vc_column_inner width=&#8221;1\/2&#8243;]\t<div class=\"team_block_content  \">\n\t\t\t\t\t<div class=\"pic\">\n\t\t\t\t\t\t\n\t\t\t\t\t\t<div class=\"team_image boxed \"><img loading=\"lazy\" decoding=\"async\" width=\"192\" height=\"182\" src=\"https:\/\/www.hcdcoronelsuarez.gob.ar\/wp-content\/uploads\/2023\/12\/nestor_carbini.jpg\" class=\"attachment-full size-full\" alt=\"\" \/><\/div>\n\t\t\t\t\t\t\n\t\t\t\t\t\t\n\t\t\t\t\t\t\n\t\t\t\t\t\t<div class=\"team_block\">\n\t\t\t\t\t\t\t<h4>N\u00e9stor Iv\u00e1n Carbini<\/h4>\n\t\t\t\t\t\t\t<p class=\"team_desc\">Presidente<\/p>\n\t\t\t\t\t\t\t<p class=\"team_text\"><\/p>\n\t\t\t\t\t\t\t<div class=\"team_icons\">\n\t\t\t\t\t\t\n\t\t\t\t\t\t\n\t\t\t\t\t\t\n\t\t\t\t\t\t\n\t\t\t\t\t\t\n\t\t\t\t\t\t\n\t\t\t\t\t\t\n\t\t\t\t\t\t\n\t\t\t\t\t\t\t<\/div>\n\t\t\t\t\t\t<\/div>\n\t\t\t\t\t<\/div>\n\t\t\t\t<\/div>\n\t\t\t[\/vc_column_inner][vc_column_inner width=&#8221;1\/2&#8243;]\t<div class=\"team_block_content  \">\n\t\t\t\t\t<div class=\"pic\">\n\t\t\t\t\t\t\n\t\t\t\t\t\t<div class=\"team_image boxed \"><img loading=\"lazy\" decoding=\"async\" width=\"192\" height=\"182\" src=\"https:\/\/www.hcdcoronelsuarez.gob.ar\/wp-content\/uploads\/2023\/12\/mariajose_lacoste.jpg\" class=\"attachment-full size-full\" alt=\"\" \/><\/div>\n\t\t\t\t\t\t\n\t\t\t\t\t\t\n\t\t\t\t\t\t\n\t\t\t\t\t\t<div class=\"team_block\">\n\t\t\t\t\t\t\t<h4>Mar\u00eda Jos\u00e9 Lacoste<\/h4>\n\t\t\t\t\t\t\t<p class=\"team_desc\">Secretario<\/p>\n\t\t\t\t\t\t\t<p class=\"team_text\"><\/p>\n\t\t\t\t\t\t\t<div class=\"team_icons\">\n\t\t\t\t\t\t\n\t\t\t\t\t\t\n\t\t\t\t\t\t\n\t\t\t\t\t\t\n\t\t\t\t\t\t\n\t\t\t\t\t\t\n\t\t\t\t\t\t\n\t\t\t\t\t\t\n\t\t\t\t\t\t\t<\/div>\n\t\t\t\t\t\t<\/div>\n\t\t\t\t\t<\/div>\n\t\t\t\t<\/div>\n\t\t\t[\/vc_column_inner][\/vc_row_inner][vc_row_inner][vc_column_inner width=&#8221;1\/3&#8243;]\t<div class=\"team_block_content  \">\n\t\t\t\t\t<div class=\"pic\">\n\t\t\t\t\t\t\n\t\t\t\t\t\t<div class=\"team_image boxed \"><img loading=\"lazy\" decoding=\"async\" width=\"192\" height=\"182\" src=\"https:\/\/www.hcdcoronelsuarez.gob.ar\/wp-content\/uploads\/2023\/12\/ezequiel_filipuzzi.jpg\" class=\"attachment-full size-full\" alt=\"\" \/><\/div>\n\t\t\t\t\t\t\n\t\t\t\t\t\t\n\t\t\t\t\t\t\n\t\t\t\t\t\t<div class=\"team_block\">\n\t\t\t\t\t\t\t<h4>Ezequiel Filipuzzi<\/h4>\n\t\t\t\t\t\t\t<p class=\"team_desc\"><\/p>\n\t\t\t\t\t\t\t<p class=\"team_text\"><\/p>\n\t\t\t\t\t\t\t<div class=\"team_icons\">\n\t\t\t\t\t\t\n\t\t\t\t\t\t\n\t\t\t\t\t\t\n\t\t\t\t\t\t\n\t\t\t\t\t\t\n\t\t\t\t\t\t\n\t\t\t\t\t\t\n\t\t\t\t\t\t\n\t\t\t\t\t\t\t<\/div>\n\t\t\t\t\t\t<\/div>\n\t\t\t\t\t<\/div>\n\t\t\t\t<\/div>\n\t\t\t[\/vc_column_inner][vc_column_inner width=&#8221;1\/3&#8243;]\t<div class=\"team_block_content  \">\n\t\t\t\t\t<div class=\"pic\">\n\t\t\t\t\t\t\n\t\t\t\t\t\t<div class=\"team_image boxed \"><img loading=\"lazy\" decoding=\"async\" width=\"192\" height=\"182\" src=\"https:\/\/www.hcdcoronelsuarez.gob.ar\/wp-content\/uploads\/2023\/12\/lourdes_fernandez.jpg\" class=\"attachment-full size-full\" alt=\"\" \/><\/div>\n\t\t\t\t\t\t\n\t\t\t\t\t\t\n\t\t\t\t\t\t\n\t\t\t\t\t\t<div class=\"team_block\">\n\t\t\t\t\t\t\t<h4>Mar\u00eda Lourdes Fern\u00e1ndez<\/h4>\n\t\t\t\t\t\t\t<p class=\"team_desc\"><\/p>\n\t\t\t\t\t\t\t<p class=\"team_text\"><\/p>\n\t\t\t\t\t\t\t<div class=\"team_icons\">\n\t\t\t\t\t\t\n\t\t\t\t\t\t\n\t\t\t\t\t\t\n\t\t\t\t\t\t\n\t\t\t\t\t\t\n\t\t\t\t\t\t\n\t\t\t\t\t\t\n\t\t\t\t\t\t\n\t\t\t\t\t\t\t<\/div>\n\t\t\t\t\t\t<\/div>\n\t\t\t\t\t<\/div>\n\t\t\t\t<\/div>\n\t\t\t[\/vc_column_inner][vc_column_inner width=&#8221;1\/3&#8243;]\t<div class=\"team_block_content  \">\n\t\t\t\t\t<div class=\"pic\">\n\t\t\t\t\t\t\n\t\t\t\t\t\t<div class=\"team_image boxed \"><img loading=\"lazy\" decoding=\"async\" width=\"192\" height=\"182\" src=\"https:\/\/www.hcdcoronelsuarez.gob.ar\/wp-content\/uploads\/2023\/12\/mauro_moccero.jpg\" class=\"attachment-full size-full\" alt=\"\" \/><\/div>\n\t\t\t\t\t\t\n\t\t\t\t\t\t\n\t\t\t\t\t\t\n\t\t\t\t\t\t<div class=\"team_block\">\n\t\t\t\t\t\t\t<h4>Mauro Moccero<\/h4>\n\t\t\t\t\t\t\t<p class=\"team_desc\"><\/p>\n\t\t\t\t\t\t\t<p class=\"team_text\"><\/p>\n\t\t\t\t\t\t\t<div class=\"team_icons\">\n\t\t\t\t\t\t\n\t\t\t\t\t\t\n\t\t\t\t\t\t\n\t\t\t\t\t\t\n\t\t\t\t\t\t\n\t\t\t\t\t\t\n\t\t\t\t\t\t\n\t\t\t\t\t\t\n\t\t\t\t\t\t\t<\/div>\n\t\t\t\t\t\t<\/div>\n\t\t\t\t\t<\/div>\n\t\t\t\t<\/div>\n\t\t\t[\/vc_column_inner][\/vc_row_inner][vc_row_inner][vc_column_inner width=&#8221;1\/3&#8243;]\t<div class=\"team_block_content  \">\n\t\t\t\t\t<div class=\"pic\">\n\t\t\t\t\t\t\n\t\t\t\t\t\t<div class=\"team_image boxed \"><img loading=\"lazy\" decoding=\"async\" width=\"192\" height=\"182\" src=\"https:\/\/www.hcdcoronelsuarez.gob.ar\/wp-content\/uploads\/2023\/12\/juan_bonnaterre.jpg\" class=\"attachment-full size-full\" alt=\"\" \/><\/div>\n\t\t\t\t\t\t\n\t\t\t\t\t\t\n\t\t\t\t\t\t\n\t\t\t\t\t\t<div class=\"team_block\">\n\t\t\t\t\t\t\t<h4>Juan Manuel Bonnaterre<\/h4>\n\t\t\t\t\t\t\t<p class=\"team_desc\"><\/p>\n\t\t\t\t\t\t\t<p class=\"team_text\"><\/p>\n\t\t\t\t\t\t\t<div class=\"team_icons\">\n\t\t\t\t\t\t\n\t\t\t\t\t\t\n\t\t\t\t\t\t\n\t\t\t\t\t\t\n\t\t\t\t\t\t\n\t\t\t\t\t\t\n\t\t\t\t\t\t\n\t\t\t\t\t\t\n\t\t\t\t\t\t\t<\/div>\n\t\t\t\t\t\t<\/div>\n\t\t\t\t\t<\/div>\n\t\t\t\t<\/div>\n\t\t\t[\/vc_column_inner][vc_column_inner width=&#8221;1\/3&#8243;]\t<div class=\"team_block_content  \">\n\t\t\t\t\t<div class=\"pic\">\n\t\t\t\t\t\t\n\t\t\t\t\t\t<div class=\"team_image boxed \"><img loading=\"lazy\" decoding=\"async\" width=\"192\" height=\"182\" src=\"https:\/\/www.hcdcoronelsuarez.gob.ar\/wp-content\/uploads\/2023\/12\/alfredo_benz.jpg\" class=\"attachment-full size-full\" alt=\"\" \/><\/div>\n\t\t\t\t\t\t\n\t\t\t\t\t\t\n\t\t\t\t\t\t\n\t\t\t\t\t\t<div class=\"team_block\">\n\t\t\t\t\t\t\t<h4>Alejandro Benz<\/h4>\n\t\t\t\t\t\t\t<p class=\"team_desc\"><\/p>\n\t\t\t\t\t\t\t<p class=\"team_text\"><\/p>\n\t\t\t\t\t\t\t<div class=\"team_icons\">\n\t\t\t\t\t\t\n\t\t\t\t\t\t\n\t\t\t\t\t\t\n\t\t\t\t\t\t\n\t\t\t\t\t\t\n\t\t\t\t\t\t\n\t\t\t\t\t\t\n\t\t\t\t\t\t\n\t\t\t\t\t\t\t<\/div>\n\t\t\t\t\t\t<\/div>\n\t\t\t\t\t<\/div>\n\t\t\t\t<\/div>\n\t\t\t[\/vc_column_inner][\/vc_row_inner]<\/div><div class=\"single_tab_div\" rel-title=\"&lt;strong&gt;Comisi\u00f3n de Salud P\u00fablica, Asistencia Social y Cultura&lt;\/strong&gt;\" rel-icon=\"\">[vc_column_text]<em><strong>Funciones:<\/strong><\/em><\/p>\n<ul>\n<li>Limpieza general del Municipio.<\/li>\n<li>Desinfecciones generales, casas de hospedajes, veh\u00edculos, etc.<\/li>\n<li>Expendio de sustancias alimenticias.<\/li>\n<li>Gobierno de hospitales, asilos, sanatorios, salas sanitarias y dem\u00e1s instituciones de asistencia social.<\/li>\n<li>Asuntos relativos a templos, escuelas e instrucci\u00f3n p\u00fablica.<\/li>\n<li>Asuntos de higiene, moral, deportes, ejercicios p\u00fablicos y actos de cultura general, espect\u00e1culos p\u00fablicos y bailes.<\/li>\n<li>Organizaci\u00f3n y aseo de cementerios, mataderos y mercados.-<\/li>\n<\/ul>\n<p>[\/vc_column_text][vc_row_inner][vc_column_inner width=&#8221;1\/2&#8243;]\t<div class=\"team_block_content  \">\n\t\t\t\t\t<div class=\"pic\">\n\t\t\t\t\t\t\n\t\t\t\t\t\t<div class=\"team_image boxed \"><img loading=\"lazy\" decoding=\"async\" width=\"192\" height=\"182\" src=\"https:\/\/www.hcdcoronelsuarez.gob.ar\/wp-content\/uploads\/2023\/12\/elisabeth_minnig.jpg\" class=\"attachment-full size-full\" alt=\"\" \/><\/div>\n\t\t\t\t\t\t\n\t\t\t\t\t\t\n\t\t\t\t\t\t\n\t\t\t\t\t\t<div class=\"team_block\">\n\t\t\t\t\t\t\t<h4>Elisabeth Minnig<\/h4>\n\t\t\t\t\t\t\t<p class=\"team_desc\">Presidente<\/p>\n\t\t\t\t\t\t\t<p class=\"team_text\"><\/p>\n\t\t\t\t\t\t\t<div class=\"team_icons\">\n\t\t\t\t\t\t\n\t\t\t\t\t\t\n\t\t\t\t\t\t\n\t\t\t\t\t\t\n\t\t\t\t\t\t\n\t\t\t\t\t\t\n\t\t\t\t\t\t\n\t\t\t\t\t\t\n\t\t\t\t\t\t\t<\/div>\n\t\t\t\t\t\t<\/div>\n\t\t\t\t\t<\/div>\n\t\t\t\t<\/div>\n\t\t\t[\/vc_column_inner][vc_column_inner width=&#8221;1\/2&#8243;]\t<div class=\"team_block_content  \">\n\t\t\t\t\t<div class=\"pic\">\n\t\t\t\t\t\t\n\t\t\t\t\t\t<div class=\"team_image boxed \"><img loading=\"lazy\" decoding=\"async\" width=\"192\" height=\"182\" src=\"https:\/\/www.hcdcoronelsuarez.gob.ar\/wp-content\/uploads\/2023\/12\/hugo_schulmeister.jpg\" class=\"attachment-full size-full\" alt=\"\" \/><\/div>\n\t\t\t\t\t\t\n\t\t\t\t\t\t\n\t\t\t\t\t\t\n\t\t\t\t\t\t<div class=\"team_block\">\n\t\t\t\t\t\t\t<h4>Hugo Schulmeister<\/h4>\n\t\t\t\t\t\t\t<p class=\"team_desc\">Secretario<\/p>\n\t\t\t\t\t\t\t<p class=\"team_text\"><\/p>\n\t\t\t\t\t\t\t<div class=\"team_icons\">\n\t\t\t\t\t\t\n\t\t\t\t\t\t\n\t\t\t\t\t\t\n\t\t\t\t\t\t\n\t\t\t\t\t\t\n\t\t\t\t\t\t\n\t\t\t\t\t\t\n\t\t\t\t\t\t\n\t\t\t\t\t\t\t<\/div>\n\t\t\t\t\t\t<\/div>\n\t\t\t\t\t<\/div>\n\t\t\t\t<\/div>\n\t\t\t[\/vc_column_inner][\/vc_row_inner][vc_row_inner][vc_column_inner width=&#8221;1\/3&#8243;]\t<div class=\"team_block_content  \">\n\t\t\t\t\t<div class=\"pic\">\n\t\t\t\t\t\t\n\t\t\t\t\t\t<div class=\"team_image boxed \"><img loading=\"lazy\" decoding=\"async\" width=\"192\" height=\"182\" src=\"https:\/\/www.hcdcoronelsuarez.gob.ar\/wp-content\/uploads\/2023\/12\/evangelina_arroquy.jpg\" class=\"attachment-full size-full\" alt=\"\" \/><\/div>\n\t\t\t\t\t\t\n\t\t\t\t\t\t\n\t\t\t\t\t\t\n\t\t\t\t\t\t<div class=\"team_block\">\n\t\t\t\t\t\t\t<h4>Evangelina Arroquy<\/h4>\n\t\t\t\t\t\t\t<p class=\"team_desc\"><\/p>\n\t\t\t\t\t\t\t<p class=\"team_text\"><\/p>\n\t\t\t\t\t\t\t<div class=\"team_icons\">\n\t\t\t\t\t\t\n\t\t\t\t\t\t\n\t\t\t\t\t\t\n\t\t\t\t\t\t\n\t\t\t\t\t\t\n\t\t\t\t\t\t\n\t\t\t\t\t\t\n\t\t\t\t\t\t\n\t\t\t\t\t\t\t<\/div>\n\t\t\t\t\t\t<\/div>\n\t\t\t\t\t<\/div>\n\t\t\t\t<\/div>\n\t\t\t[\/vc_column_inner][vc_column_inner width=&#8221;1\/3&#8243;]\t<div class=\"team_block_content  \">\n\t\t\t\t\t<div class=\"pic\">\n\t\t\t\t\t\t\n\t\t\t\t\t\t<div class=\"team_image boxed \"><img loading=\"lazy\" decoding=\"async\" width=\"192\" height=\"182\" src=\"https:\/\/www.hcdcoronelsuarez.gob.ar\/wp-content\/uploads\/2023\/12\/mariajose_lacoste.jpg\" class=\"attachment-full size-full\" alt=\"\" \/><\/div>\n\t\t\t\t\t\t\n\t\t\t\t\t\t\n\t\t\t\t\t\t\n\t\t\t\t\t\t<div class=\"team_block\">\n\t\t\t\t\t\t\t<h4>Mar\u00eda Jos\u00e9 Lacoste<\/h4>\n\t\t\t\t\t\t\t<p class=\"team_desc\"><\/p>\n\t\t\t\t\t\t\t<p class=\"team_text\"><\/p>\n\t\t\t\t\t\t\t<div class=\"team_icons\">\n\t\t\t\t\t\t\n\t\t\t\t\t\t\n\t\t\t\t\t\t\n\t\t\t\t\t\t\n\t\t\t\t\t\t\n\t\t\t\t\t\t\n\t\t\t\t\t\t\n\t\t\t\t\t\t\n\t\t\t\t\t\t\t<\/div>\n\t\t\t\t\t\t<\/div>\n\t\t\t\t\t<\/div>\n\t\t\t\t<\/div>\n\t\t\t[\/vc_column_inner][vc_column_inner width=&#8221;1\/3&#8243;]\t<div class=\"team_block_content  \">\n\t\t\t\t\t<div class=\"pic\">\n\t\t\t\t\t\t\n\t\t\t\t\t\t<div class=\"team_image boxed \"><img loading=\"lazy\" decoding=\"async\" width=\"192\" height=\"182\" src=\"https:\/\/www.hcdcoronelsuarez.gob.ar\/wp-content\/uploads\/2023\/12\/valeria_negrin.jpg\" class=\"attachment-full size-full\" alt=\"\" \/><\/div>\n\t\t\t\t\t\t\n\t\t\t\t\t\t\n\t\t\t\t\t\t\n\t\t\t\t\t\t<div class=\"team_block\">\n\t\t\t\t\t\t\t<h4>Valeria Negr\u00edn<\/h4>\n\t\t\t\t\t\t\t<p class=\"team_desc\"><\/p>\n\t\t\t\t\t\t\t<p class=\"team_text\"><\/p>\n\t\t\t\t\t\t\t<div class=\"team_icons\">\n\t\t\t\t\t\t\n\t\t\t\t\t\t\n\t\t\t\t\t\t\n\t\t\t\t\t\t\n\t\t\t\t\t\t\n\t\t\t\t\t\t\n\t\t\t\t\t\t\n\t\t\t\t\t\t\n\t\t\t\t\t\t\t<\/div>\n\t\t\t\t\t\t<\/div>\n\t\t\t\t\t<\/div>\n\t\t\t\t<\/div>\n\t\t\t[\/vc_column_inner][\/vc_row_inner][vc_row_inner][vc_column_inner width=&#8221;1\/3&#8243;]\t<div class=\"team_block_content  \">\n\t\t\t\t\t<div class=\"pic\">\n\t\t\t\t\t\t\n\t\t\t\t\t\t<div class=\"team_image boxed \"><img loading=\"lazy\" decoding=\"async\" width=\"192\" height=\"182\" src=\"https:\/\/www.hcdcoronelsuarez.gob.ar\/wp-content\/uploads\/2023\/12\/alfredo_benz.jpg\" class=\"attachment-full size-full\" alt=\"\" \/><\/div>\n\t\t\t\t\t\t\n\t\t\t\t\t\t\n\t\t\t\t\t\t\n\t\t\t\t\t\t<div class=\"team_block\">\n\t\t\t\t\t\t\t<h4>Alejandro Benz<\/h4>\n\t\t\t\t\t\t\t<p class=\"team_desc\"><\/p>\n\t\t\t\t\t\t\t<p class=\"team_text\"><\/p>\n\t\t\t\t\t\t\t<div class=\"team_icons\">\n\t\t\t\t\t\t\n\t\t\t\t\t\t\n\t\t\t\t\t\t\n\t\t\t\t\t\t\n\t\t\t\t\t\t\n\t\t\t\t\t\t\n\t\t\t\t\t\t\n\t\t\t\t\t\t\n\t\t\t\t\t\t\t<\/div>\n\t\t\t\t\t\t<\/div>\n\t\t\t\t\t<\/div>\n\t\t\t\t<\/div>\n\t\t\t[\/vc_column_inner][vc_column_inner width=&#8221;1\/3&#8243;]\t<div class=\"team_block_content  \">\n\t\t\t\t\t<div class=\"pic\">\n\t\t\t\t\t\t\n\t\t\t\t\t\t<div class=\"team_image boxed \"><img loading=\"lazy\" decoding=\"async\" width=\"192\" height=\"182\" src=\"https:\/\/www.hcdcoronelsuarez.gob.ar\/wp-content\/uploads\/2023\/12\/lujan_speranza.jpg\" class=\"attachment-full size-full\" alt=\"\" \/><\/div>\n\t\t\t\t\t\t\n\t\t\t\t\t\t\n\t\t\t\t\t\t\n\t\t\t\t\t\t<div class=\"team_block\">\n\t\t\t\t\t\t\t<h4>Lujan Speranza<\/h4>\n\t\t\t\t\t\t\t<p class=\"team_desc\"><\/p>\n\t\t\t\t\t\t\t<p class=\"team_text\"><\/p>\n\t\t\t\t\t\t\t<div class=\"team_icons\">\n\t\t\t\t\t\t\n\t\t\t\t\t\t\n\t\t\t\t\t\t\n\t\t\t\t\t\t\n\t\t\t\t\t\t\n\t\t\t\t\t\t\n\t\t\t\t\t\t\n\t\t\t\t\t\t\n\t\t\t\t\t\t\t<\/div>\n\t\t\t\t\t\t<\/div>\n\t\t\t\t\t<\/div>\n\t\t\t\t<\/div>\n\t\t\t[\/vc_column_inner][\/vc_row_inner]<\/div><div class=\"single_tab_div\" rel-title=\"&lt;strong&gt;Comisi\u00f3n de Becas&lt;\/strong&gt;\" rel-icon=\"\">[vc_column_text]<\/p>\n<p style=\"text-align: justify;\">Es indudable que todo el apoyo que se le puede brindar a la persona que desea estudiar resulta indispensable para que dicha empresa sea exitosa, y es por esto que las becas son una manera muy importante de ayudar a quien desea seguir una determinada carrera universitaria-terciaria y no cuenta con las herramientas necesarias para ello, sea que \u00e9ste no tenga los recursos econ\u00f3micos o simplemente como un premio a su excelente desempe\u00f1o acad\u00e9mico.<\/p>\n<p><em><strong>Funciones:<\/strong><\/em><\/p>\n<ul>\n<li>Reglamentar a trav\u00e9s de ordenanzas el sistema de Becas Municipales.<\/li>\n<li style=\"text-align: justify;\">Analizar los expedientes de cada uno de los estudiantes en base al informe recibido por Desarrollo Social.<\/li>\n<li style=\"text-align: justify;\">Una vez analizados los expedientes, se realizan los dict\u00e1menes favorables para el otorgamiento de las diferentes Becas.<\/li>\n<li style=\"text-align: justify;\">Otorgar Becas a aquellos estudiantes de nivel terciario y universitario, que lo ameriten.<\/li>\n<li style=\"text-align: justify;\">Otorgar Becas Especiales a j\u00f3venes destacados en estudio, deporte, arte.<\/li>\n<li style=\"text-align: justify;\">Beneficiar con becas de transporte, a todos aquellos estudiantes \u00a0de nivel secundario y terciario, de los pueblos alemanes y de la localidad de Huanguel\u00e9n, para que puedan realizar sus estudios en establecimientos de modalidad diferente a lo que ofrece su comunidad.<\/li>\n<li style=\"text-align: justify;\">Tomar contacto con las diferentes familias, a fin de conocer la situaci\u00f3n socio-econ\u00f3mica.<\/li>\n<li style=\"text-align: justify;\">Promover la capacitaci\u00f3n y formaci\u00f3n de los j\u00f3venes del Distrito.<\/li>\n<\/ul>\n<p><strong><u>Tipos de Becas<\/u><\/strong><\/p>\n<p>Becas de Honor<\/p>\n<p>Becas Terciarias<\/p>\n<p>Becas Terciarias Coronel Su\u00e1rez<\/p>\n<p>Becas Especiales<\/p>\n<p>Becas de Transporte[\/vc_column_text][vc_row_inner][vc_column_inner width=&#8221;1\/2&#8243;]\t<div class=\"team_block_content  \">\n\t\t\t\t\t<div class=\"pic\">\n\t\t\t\t\t\t\n\t\t\t\t\t\t<div class=\"team_image boxed \"><img loading=\"lazy\" decoding=\"async\" width=\"192\" height=\"182\" src=\"https:\/\/www.hcdcoronelsuarez.gob.ar\/wp-content\/uploads\/2023\/12\/evangelina_arroquy.jpg\" class=\"attachment-full size-full\" alt=\"\" \/><\/div>\n\t\t\t\t\t\t\n\t\t\t\t\t\t\n\t\t\t\t\t\t\n\t\t\t\t\t\t<div class=\"team_block\">\n\t\t\t\t\t\t\t<h4>Evangelina Arroquy<\/h4>\n\t\t\t\t\t\t\t<p class=\"team_desc\">Presidente<\/p>\n\t\t\t\t\t\t\t<p class=\"team_text\"><\/p>\n\t\t\t\t\t\t\t<div class=\"team_icons\">\n\t\t\t\t\t\t\n\t\t\t\t\t\t\n\t\t\t\t\t\t\n\t\t\t\t\t\t\n\t\t\t\t\t\t\n\t\t\t\t\t\t\n\t\t\t\t\t\t\n\t\t\t\t\t\t\n\t\t\t\t\t\t\t<\/div>\n\t\t\t\t\t\t<\/div>\n\t\t\t\t\t<\/div>\n\t\t\t\t<\/div>\n\t\t\t[\/vc_column_inner][vc_column_inner width=&#8221;1\/2&#8243;]\t<div class=\"team_block_content  \">\n\t\t\t\t\t<div class=\"pic\">\n\t\t\t\t\t\t\n\t\t\t\t\t\t<div class=\"team_image boxed \"><img loading=\"lazy\" decoding=\"async\" width=\"192\" height=\"182\" src=\"https:\/\/www.hcdcoronelsuarez.gob.ar\/wp-content\/uploads\/2023\/12\/mariajose_lacoste.jpg\" class=\"attachment-full size-full\" alt=\"\" \/><\/div>\n\t\t\t\t\t\t\n\t\t\t\t\t\t\n\t\t\t\t\t\t\n\t\t\t\t\t\t<div class=\"team_block\">\n\t\t\t\t\t\t\t<h4>Mar\u00eda Jos\u00e9 Lacoste<\/h4>\n\t\t\t\t\t\t\t<p class=\"team_desc\">Secretario<\/p>\n\t\t\t\t\t\t\t<p class=\"team_text\"><\/p>\n\t\t\t\t\t\t\t<div class=\"team_icons\">\n\t\t\t\t\t\t\n\t\t\t\t\t\t\n\t\t\t\t\t\t\n\t\t\t\t\t\t\n\t\t\t\t\t\t\n\t\t\t\t\t\t\n\t\t\t\t\t\t\n\t\t\t\t\t\t\n\t\t\t\t\t\t\t<\/div>\n\t\t\t\t\t\t<\/div>\n\t\t\t\t\t<\/div>\n\t\t\t\t<\/div>\n\t\t\t[\/vc_column_inner][\/vc_row_inner][vc_row_inner][vc_column_inner width=&#8221;1\/3&#8243;]\t<div class=\"team_block_content  \">\n\t\t\t\t\t<div class=\"pic\">\n\t\t\t\t\t\t\n\t\t\t\t\t\t<div class=\"team_image boxed \"><img loading=\"lazy\" decoding=\"async\" width=\"192\" height=\"182\" src=\"https:\/\/www.hcdcoronelsuarez.gob.ar\/wp-content\/uploads\/2023\/12\/lujan_speranza.jpg\" class=\"attachment-full size-full\" alt=\"\" \/><\/div>\n\t\t\t\t\t\t\n\t\t\t\t\t\t\n\t\t\t\t\t\t\n\t\t\t\t\t\t<div class=\"team_block\">\n\t\t\t\t\t\t\t<h4>Mar\u00eda Luj\u00e1n Speranza<\/h4>\n\t\t\t\t\t\t\t<p class=\"team_desc\"><\/p>\n\t\t\t\t\t\t\t<p class=\"team_text\"><\/p>\n\t\t\t\t\t\t\t<div class=\"team_icons\">\n\t\t\t\t\t\t\n\t\t\t\t\t\t\n\t\t\t\t\t\t\n\t\t\t\t\t\t\n\t\t\t\t\t\t\n\t\t\t\t\t\t\n\t\t\t\t\t\t\n\t\t\t\t\t\t\n\t\t\t\t\t\t\t<\/div>\n\t\t\t\t\t\t<\/div>\n\t\t\t\t\t<\/div>\n\t\t\t\t<\/div>\n\t\t\t[\/vc_column_inner][vc_column_inner width=&#8221;1\/3&#8243;]\t<div class=\"team_block_content  \">\n\t\t\t\t\t<div class=\"pic\">\n\t\t\t\t\t\t\n\t\t\t\t\t\t<div class=\"team_image boxed \"><img loading=\"lazy\" decoding=\"async\" width=\"192\" height=\"182\" src=\"https:\/\/www.hcdcoronelsuarez.gob.ar\/wp-content\/uploads\/2023\/12\/beatriz_gurruchaga.jpg\" class=\"attachment-full size-full\" alt=\"\" \/><\/div>\n\t\t\t\t\t\t\n\t\t\t\t\t\t\n\t\t\t\t\t\t\n\t\t\t\t\t\t<div class=\"team_block\">\n\t\t\t\t\t\t\t<h4>Analia Gurruchaga<\/h4>\n\t\t\t\t\t\t\t<p class=\"team_desc\"><\/p>\n\t\t\t\t\t\t\t<p class=\"team_text\"><\/p>\n\t\t\t\t\t\t\t<div class=\"team_icons\">\n\t\t\t\t\t\t\n\t\t\t\t\t\t\n\t\t\t\t\t\t\n\t\t\t\t\t\t\n\t\t\t\t\t\t\n\t\t\t\t\t\t\n\t\t\t\t\t\t\n\t\t\t\t\t\t\n\t\t\t\t\t\t\t<\/div>\n\t\t\t\t\t\t<\/div>\n\t\t\t\t\t<\/div>\n\t\t\t\t<\/div>\n\t\t\t[\/vc_column_inner][vc_column_inner width=&#8221;1\/3&#8243;]\t<div class=\"team_block_content  \">\n\t\t\t\t\t<div class=\"pic\">\n\t\t\t\t\t\t\n\t\t\t\t\t\t<div class=\"team_image boxed \"><img loading=\"lazy\" decoding=\"async\" width=\"192\" height=\"182\" src=\"https:\/\/www.hcdcoronelsuarez.gob.ar\/wp-content\/uploads\/2023\/12\/mauro_moccero.jpg\" class=\"attachment-full size-full\" alt=\"\" \/><\/div>\n\t\t\t\t\t\t\n\t\t\t\t\t\t\n\t\t\t\t\t\t\n\t\t\t\t\t\t<div class=\"team_block\">\n\t\t\t\t\t\t\t<h4>Mauro Moccero<\/h4>\n\t\t\t\t\t\t\t<p class=\"team_desc\"><\/p>\n\t\t\t\t\t\t\t<p class=\"team_text\"><\/p>\n\t\t\t\t\t\t\t<div class=\"team_icons\">\n\t\t\t\t\t\t\n\t\t\t\t\t\t\n\t\t\t\t\t\t\n\t\t\t\t\t\t\n\t\t\t\t\t\t\n\t\t\t\t\t\t\n\t\t\t\t\t\t\n\t\t\t\t\t\t\n\t\t\t\t\t\t\t<\/div>\n\t\t\t\t\t\t<\/div>\n\t\t\t\t\t<\/div>\n\t\t\t\t<\/div>\n\t\t\t[\/vc_column_inner][\/vc_row_inner][vc_row_inner][vc_column_inner width=&#8221;1\/3&#8243;]\t<div class=\"team_block_content  \">\n\t\t\t\t\t<div class=\"pic\">\n\t\t\t\t\t\t\n\t\t\t\t\t\t<div class=\"team_image boxed \"><img loading=\"lazy\" decoding=\"async\" width=\"192\" height=\"182\" src=\"https:\/\/www.hcdcoronelsuarez.gob.ar\/wp-content\/uploads\/2023\/12\/elisabeth_minnig.jpg\" class=\"attachment-full size-full\" alt=\"\" \/><\/div>\n\t\t\t\t\t\t\n\t\t\t\t\t\t\n\t\t\t\t\t\t\n\t\t\t\t\t\t<div class=\"team_block\">\n\t\t\t\t\t\t\t<h4>Elisabeth Minnig<\/h4>\n\t\t\t\t\t\t\t<p class=\"team_desc\"><\/p>\n\t\t\t\t\t\t\t<p class=\"team_text\"><\/p>\n\t\t\t\t\t\t\t<div class=\"team_icons\">\n\t\t\t\t\t\t\n\t\t\t\t\t\t\n\t\t\t\t\t\t\n\t\t\t\t\t\t\n\t\t\t\t\t\t\n\t\t\t\t\t\t\n\t\t\t\t\t\t\n\t\t\t\t\t\t\n\t\t\t\t\t\t\t<\/div>\n\t\t\t\t\t\t<\/div>\n\t\t\t\t\t<\/div>\n\t\t\t\t<\/div>\n\t\t\t[\/vc_column_inner][vc_column_inner width=&#8221;1\/3&#8243;]\t<div class=\"team_block_content  \">\n\t\t\t\t\t<div class=\"pic\">\n\t\t\t\t\t\t\n\t\t\t\t\t\t<div class=\"team_image boxed \"><img loading=\"lazy\" decoding=\"async\" width=\"192\" height=\"182\" src=\"https:\/\/www.hcdcoronelsuarez.gob.ar\/wp-content\/uploads\/2023\/12\/alfredo_benz.jpg\" class=\"attachment-full size-full\" alt=\"\" \/><\/div>\n\t\t\t\t\t\t\n\t\t\t\t\t\t\n\t\t\t\t\t\t\n\t\t\t\t\t\t<div class=\"team_block\">\n\t\t\t\t\t\t\t<h4>Alejandro Benz<\/h4>\n\t\t\t\t\t\t\t<p class=\"team_desc\"><\/p>\n\t\t\t\t\t\t\t<p class=\"team_text\"><\/p>\n\t\t\t\t\t\t\t<div class=\"team_icons\">\n\t\t\t\t\t\t\n\t\t\t\t\t\t\n\t\t\t\t\t\t\n\t\t\t\t\t\t\n\t\t\t\t\t\t\n\t\t\t\t\t\t\n\t\t\t\t\t\t\n\t\t\t\t\t\t\n\t\t\t\t\t\t\t<\/div>\n\t\t\t\t\t\t<\/div>\n\t\t\t\t\t<\/div>\n\t\t\t\t<\/div>\n\t\t\t[\/vc_column_inner][\/vc_row_inner]<\/div><div class=\"single_tab_div\" rel-title=\"&lt;strong&gt;Comisi\u00f3n de Vivienda&lt;\/strong&gt;\" rel-icon=\"\">[vc_column_text]<em><strong>Funciones:<\/strong><\/em><\/p>\n<ul>\n<li>Conocer\u00e1 y dictaminar\u00e1 sobre, vivienda y creaci\u00f3n de las mismas.<\/li>\n<li>Todos los planes relacionados a promover el acceso a la vivienda.<\/li>\n<li>Tratar\u00e1 y observara todas las adjudicaciones y des adjudicaciones de las viviendas y terrenos\u00a0\u00a0\u00a0entregados por el municipio.<\/li>\n<\/ul>\n<p>[\/vc_column_text][vc_row_inner][vc_column_inner width=&#8221;1\/2&#8243;]\t<div class=\"team_block_content  \">\n\t\t\t\t\t<div class=\"pic\">\n\t\t\t\t\t\t\n\t\t\t\t\t\t<div class=\"team_image boxed \"><img loading=\"lazy\" decoding=\"async\" width=\"192\" height=\"182\" src=\"https:\/\/www.hcdcoronelsuarez.gob.ar\/wp-content\/uploads\/2023\/12\/mauro_moccero.jpg\" class=\"attachment-full size-full\" alt=\"\" \/><\/div>\n\t\t\t\t\t\t\n\t\t\t\t\t\t\n\t\t\t\t\t\t\n\t\t\t\t\t\t<div class=\"team_block\">\n\t\t\t\t\t\t\t<h4>Mauro Moccero<\/h4>\n\t\t\t\t\t\t\t<p class=\"team_desc\">Presidente<\/p>\n\t\t\t\t\t\t\t<p class=\"team_text\"><\/p>\n\t\t\t\t\t\t\t<div class=\"team_icons\">\n\t\t\t\t\t\t\n\t\t\t\t\t\t\n\t\t\t\t\t\t\n\t\t\t\t\t\t\n\t\t\t\t\t\t\n\t\t\t\t\t\t\n\t\t\t\t\t\t\n\t\t\t\t\t\t\n\t\t\t\t\t\t\t<\/div>\n\t\t\t\t\t\t<\/div>\n\t\t\t\t\t<\/div>\n\t\t\t\t<\/div>\n\t\t\t[\/vc_column_inner][vc_column_inner width=&#8221;1\/2&#8243;]\t<div class=\"team_block_content  \">\n\t\t\t\t\t<div class=\"pic\">\n\t\t\t\t\t\t\n\t\t\t\t\t\t<div class=\"team_image boxed \"><img loading=\"lazy\" decoding=\"async\" width=\"192\" height=\"182\" src=\"https:\/\/www.hcdcoronelsuarez.gob.ar\/wp-content\/uploads\/2023\/12\/beatriz_gurruchaga.jpg\" class=\"attachment-full size-full\" alt=\"\" \/><\/div>\n\t\t\t\t\t\t\n\t\t\t\t\t\t\n\t\t\t\t\t\t\n\t\t\t\t\t\t<div class=\"team_block\">\n\t\t\t\t\t\t\t<h4>Analia Gurruchaga<\/h4>\n\t\t\t\t\t\t\t<p class=\"team_desc\">Secretario<\/p>\n\t\t\t\t\t\t\t<p class=\"team_text\"><\/p>\n\t\t\t\t\t\t\t<div class=\"team_icons\">\n\t\t\t\t\t\t\n\t\t\t\t\t\t\n\t\t\t\t\t\t\n\t\t\t\t\t\t\n\t\t\t\t\t\t\n\t\t\t\t\t\t\n\t\t\t\t\t\t\n\t\t\t\t\t\t\n\t\t\t\t\t\t\t<\/div>\n\t\t\t\t\t\t<\/div>\n\t\t\t\t\t<\/div>\n\t\t\t\t<\/div>\n\t\t\t[\/vc_column_inner][\/vc_row_inner][vc_row_inner][vc_column_inner width=&#8221;1\/3&#8243;]\t<div class=\"team_block_content  \">\n\t\t\t\t\t<div class=\"pic\">\n\t\t\t\t\t\t\n\t\t\t\t\t\t<div class=\"team_image boxed \"><img loading=\"lazy\" decoding=\"async\" width=\"192\" height=\"182\" src=\"https:\/\/www.hcdcoronelsuarez.gob.ar\/wp-content\/uploads\/2023\/12\/elisabeth_minnig.jpg\" class=\"attachment-full size-full\" alt=\"\" \/><\/div>\n\t\t\t\t\t\t\n\t\t\t\t\t\t\n\t\t\t\t\t\t\n\t\t\t\t\t\t<div class=\"team_block\">\n\t\t\t\t\t\t\t<h4>Elisabeth Minnig<\/h4>\n\t\t\t\t\t\t\t<p class=\"team_desc\"><\/p>\n\t\t\t\t\t\t\t<p class=\"team_text\"><\/p>\n\t\t\t\t\t\t\t<div class=\"team_icons\">\n\t\t\t\t\t\t\n\t\t\t\t\t\t\n\t\t\t\t\t\t\n\t\t\t\t\t\t\n\t\t\t\t\t\t\n\t\t\t\t\t\t\n\t\t\t\t\t\t\n\t\t\t\t\t\t\n\t\t\t\t\t\t\t<\/div>\n\t\t\t\t\t\t<\/div>\n\t\t\t\t\t<\/div>\n\t\t\t\t<\/div>\n\t\t\t[\/vc_column_inner][vc_column_inner width=&#8221;1\/3&#8243;]\t<div class=\"team_block_content  \">\n\t\t\t\t\t<div class=\"pic\">\n\t\t\t\t\t\t\n\t\t\t\t\t\t<div class=\"team_image boxed \"><img loading=\"lazy\" decoding=\"async\" width=\"192\" height=\"182\" src=\"https:\/\/www.hcdcoronelsuarez.gob.ar\/wp-content\/uploads\/2023\/12\/evangelina_arroquy.jpg\" class=\"attachment-full size-full\" alt=\"\" \/><\/div>\n\t\t\t\t\t\t\n\t\t\t\t\t\t\n\t\t\t\t\t\t\n\t\t\t\t\t\t<div class=\"team_block\">\n\t\t\t\t\t\t\t<h4>Evangelina Arroquy<\/h4>\n\t\t\t\t\t\t\t<p class=\"team_desc\"><\/p>\n\t\t\t\t\t\t\t<p class=\"team_text\"><\/p>\n\t\t\t\t\t\t\t<div class=\"team_icons\">\n\t\t\t\t\t\t\n\t\t\t\t\t\t\n\t\t\t\t\t\t\n\t\t\t\t\t\t\n\t\t\t\t\t\t\n\t\t\t\t\t\t\n\t\t\t\t\t\t\n\t\t\t\t\t\t\n\t\t\t\t\t\t\t<\/div>\n\t\t\t\t\t\t<\/div>\n\t\t\t\t\t<\/div>\n\t\t\t\t<\/div>\n\t\t\t[\/vc_column_inner][vc_column_inner width=&#8221;1\/3&#8243;]\t<div class=\"team_block_content  \">\n\t\t\t\t\t<div class=\"pic\">\n\t\t\t\t\t\t\n\t\t\t\t\t\t<div class=\"team_image boxed \"><img loading=\"lazy\" decoding=\"async\" width=\"192\" height=\"182\" src=\"https:\/\/www.hcdcoronelsuarez.gob.ar\/wp-content\/uploads\/2023\/12\/ricardo_salvi.jpg\" class=\"attachment-full size-full\" alt=\"\" \/><\/div>\n\t\t\t\t\t\t\n\t\t\t\t\t\t\n\t\t\t\t\t\t\n\t\t\t\t\t\t<div class=\"team_block\">\n\t\t\t\t\t\t\t<h4>Ricardo Salvi<\/h4>\n\t\t\t\t\t\t\t<p class=\"team_desc\"><\/p>\n\t\t\t\t\t\t\t<p class=\"team_text\"><\/p>\n\t\t\t\t\t\t\t<div class=\"team_icons\">\n\t\t\t\t\t\t\n\t\t\t\t\t\t\n\t\t\t\t\t\t\n\t\t\t\t\t\t\n\t\t\t\t\t\t\n\t\t\t\t\t\t\n\t\t\t\t\t\t\n\t\t\t\t\t\t\n\t\t\t\t\t\t\t<\/div>\n\t\t\t\t\t\t<\/div>\n\t\t\t\t\t<\/div>\n\t\t\t\t<\/div>\n\t\t\t[\/vc_column_inner][\/vc_row_inner][vc_row_inner][vc_column_inner width=&#8221;1\/3&#8243;]\t<div class=\"team_block_content  \">\n\t\t\t\t\t<div class=\"pic\">\n\t\t\t\t\t\t\n\t\t\t\t\t\t<div class=\"team_image boxed \"><img loading=\"lazy\" decoding=\"async\" width=\"192\" height=\"182\" src=\"https:\/\/www.hcdcoronelsuarez.gob.ar\/wp-content\/uploads\/2023\/12\/mariajose_lacoste.jpg\" class=\"attachment-full size-full\" alt=\"\" \/><\/div>\n\t\t\t\t\t\t\n\t\t\t\t\t\t\n\t\t\t\t\t\t\n\t\t\t\t\t\t<div class=\"team_block\">\n\t\t\t\t\t\t\t<h4>Mar\u00eda Jos\u00e9 Lacoste<\/h4>\n\t\t\t\t\t\t\t<p class=\"team_desc\"><\/p>\n\t\t\t\t\t\t\t<p class=\"team_text\"><\/p>\n\t\t\t\t\t\t\t<div class=\"team_icons\">\n\t\t\t\t\t\t\n\t\t\t\t\t\t\n\t\t\t\t\t\t\n\t\t\t\t\t\t\n\t\t\t\t\t\t\n\t\t\t\t\t\t\n\t\t\t\t\t\t\n\t\t\t\t\t\t\n\t\t\t\t\t\t\t<\/div>\n\t\t\t\t\t\t<\/div>\n\t\t\t\t\t<\/div>\n\t\t\t\t<\/div>\n\t\t\t[\/vc_column_inner][vc_column_inner width=&#8221;1\/3&#8243;]\t<div class=\"team_block_content  \">\n\t\t\t\t\t<div class=\"pic\">\n\t\t\t\t\t\t\n\t\t\t\t\t\t<div class=\"team_image boxed \"><img loading=\"lazy\" decoding=\"async\" width=\"192\" height=\"182\" src=\"https:\/\/www.hcdcoronelsuarez.gob.ar\/wp-content\/uploads\/2023\/12\/alfredo_benz.jpg\" class=\"attachment-full size-full\" alt=\"\" \/><\/div>\n\t\t\t\t\t\t\n\t\t\t\t\t\t\n\t\t\t\t\t\t\n\t\t\t\t\t\t<div class=\"team_block\">\n\t\t\t\t\t\t\t<h4>Alejandro Benz<\/h4>\n\t\t\t\t\t\t\t<p class=\"team_desc\"><\/p>\n\t\t\t\t\t\t\t<p class=\"team_text\"><\/p>\n\t\t\t\t\t\t\t<div class=\"team_icons\">\n\t\t\t\t\t\t\n\t\t\t\t\t\t\n\t\t\t\t\t\t\n\t\t\t\t\t\t\n\t\t\t\t\t\t\n\t\t\t\t\t\t\n\t\t\t\t\t\t\n\t\t\t\t\t\t\n\t\t\t\t\t\t\t<\/div>\n\t\t\t\t\t\t<\/div>\n\t\t\t\t\t<\/div>\n\t\t\t\t<\/div>\n\t\t\t[\/vc_column_inner][\/vc_row_inner]<\/div><div class=\"single_tab_div\" rel-title=\"&lt;strong&gt;Comisi\u00f3n Municipal de Producci\u00f3n y\/o Servicios&lt;\/strong&gt;\" rel-icon=\"\">[vc_column_text]<em><strong>Funciones:<\/strong><\/em><\/p>\n<p style=\"text-align: justify;\">La Comisi\u00f3n de Producci\u00f3n y Servicios, atender\u00e1 y\/o legislar\u00e1 sobre los asuntos Comunales concernientes a:<\/p>\n<ol style=\"text-align: justify;\">\n<li>Proyectos de promoci\u00f3n Productiva: Industrial, \u00a0Artesanal y\/o Comercial.<\/li>\n<li>La creaci\u00f3n de \u00f3rganos de control y\/o apoyo a la creatividad Industrial y\/o Comercial.<\/li>\n<li>Los proyectos que en forma mancomunada emprendan el Municipio y Fuerzas del sector.<\/li>\n<li>Las relaciones entre el Municipio y las Entidades Gremiales de los trabajadores y\/o empresariales del sector.<\/li>\n<li>Los proyectos de capacitaci\u00f3n productiva, comercial y laboral en los que intervenga el Municipio.<\/li>\n<li>El establecimiento y otorgamiento de reg\u00edmenes y licencias especiales de funcionamiento.<\/li>\n<li>El an\u00e1lisis y estudio para la aplicaci\u00f3n en el \u00e1mbito de la Comuna de Coronel Su\u00e1rez de directivas, programas y\/o Leyes referidas al comercio y a la industria, emanadas del Estado Nacional o Provincial.<\/li>\n<li>Proyecto de promoci\u00f3n al exterior de Productos de la Industria y temas relativos al Comercio Exterior.<\/li>\n<li>Todo otro asunto en que est\u00e9n involucradas Actividades Privadas, de Comercio, Industria o Servicios.<\/li>\n<\/ol>\n<p>[\/vc_column_text][vc_row_inner][vc_column_inner width=&#8221;1\/2&#8243;]\t<div class=\"team_block_content  \">\n\t\t\t\t\t<div class=\"pic\">\n\t\t\t\t\t\t\n\t\t\t\t\t\t<div class=\"team_image boxed \"><img loading=\"lazy\" decoding=\"async\" width=\"192\" height=\"182\" src=\"https:\/\/www.hcdcoronelsuarez.gob.ar\/wp-content\/uploads\/2023\/12\/juan_bonnaterre.jpg\" class=\"attachment-full size-full\" alt=\"\" \/><\/div>\n\t\t\t\t\t\t\n\t\t\t\t\t\t\n\t\t\t\t\t\t\n\t\t\t\t\t\t<div class=\"team_block\">\n\t\t\t\t\t\t\t<h4>Juan Manuel Bonnaterre<\/h4>\n\t\t\t\t\t\t\t<p class=\"team_desc\">Presidente<\/p>\n\t\t\t\t\t\t\t<p class=\"team_text\"><\/p>\n\t\t\t\t\t\t\t<div class=\"team_icons\">\n\t\t\t\t\t\t\n\t\t\t\t\t\t\n\t\t\t\t\t\t\n\t\t\t\t\t\t\n\t\t\t\t\t\t\n\t\t\t\t\t\t\n\t\t\t\t\t\t\n\t\t\t\t\t\t\n\t\t\t\t\t\t\t<\/div>\n\t\t\t\t\t\t<\/div>\n\t\t\t\t\t<\/div>\n\t\t\t\t<\/div>\n\t\t\t[\/vc_column_inner][vc_column_inner width=&#8221;1\/2&#8243;]\t<div class=\"team_block_content  \">\n\t\t\t\t\t<div class=\"pic\">\n\t\t\t\t\t\t\n\t\t\t\t\t\t<div class=\"team_image boxed \"><img loading=\"lazy\" decoding=\"async\" width=\"192\" height=\"182\" src=\"https:\/\/www.hcdcoronelsuarez.gob.ar\/wp-content\/uploads\/2023\/12\/flavio_diez-1.jpg\" class=\"attachment-full size-full\" alt=\"\" \/><\/div>\n\t\t\t\t\t\t\n\t\t\t\t\t\t\n\t\t\t\t\t\t\n\t\t\t\t\t\t<div class=\"team_block\">\n\t\t\t\t\t\t\t<h4>Flavio Luis Diez<\/h4>\n\t\t\t\t\t\t\t<p class=\"team_desc\">Secretario<\/p>\n\t\t\t\t\t\t\t<p class=\"team_text\"><\/p>\n\t\t\t\t\t\t\t<div class=\"team_icons\">\n\t\t\t\t\t\t\n\t\t\t\t\t\t\n\t\t\t\t\t\t\n\t\t\t\t\t\t\n\t\t\t\t\t\t\n\t\t\t\t\t\t\n\t\t\t\t\t\t\n\t\t\t\t\t\t\n\t\t\t\t\t\t\t<\/div>\n\t\t\t\t\t\t<\/div>\n\t\t\t\t\t<\/div>\n\t\t\t\t<\/div>\n\t\t\t[\/vc_column_inner][\/vc_row_inner][vc_row_inner][vc_column_inner width=&#8221;1\/3&#8243;]\t<div class=\"team_block_content  \">\n\t\t\t\t\t<div class=\"pic\">\n\t\t\t\t\t\t\n\t\t\t\t\t\t<div class=\"team_image boxed \"><img loading=\"lazy\" decoding=\"async\" width=\"192\" height=\"182\" src=\"https:\/\/www.hcdcoronelsuarez.gob.ar\/wp-content\/uploads\/2023\/12\/ricardo_salvi.jpg\" class=\"attachment-full size-full\" alt=\"\" \/><\/div>\n\t\t\t\t\t\t\n\t\t\t\t\t\t\n\t\t\t\t\t\t\n\t\t\t\t\t\t<div class=\"team_block\">\n\t\t\t\t\t\t\t<h4>Ricardo Salvi<\/h4>\n\t\t\t\t\t\t\t<p class=\"team_desc\"><\/p>\n\t\t\t\t\t\t\t<p class=\"team_text\"><\/p>\n\t\t\t\t\t\t\t<div class=\"team_icons\">\n\t\t\t\t\t\t\n\t\t\t\t\t\t\n\t\t\t\t\t\t\n\t\t\t\t\t\t\n\t\t\t\t\t\t\n\t\t\t\t\t\t\n\t\t\t\t\t\t\n\t\t\t\t\t\t\n\t\t\t\t\t\t\t<\/div>\n\t\t\t\t\t\t<\/div>\n\t\t\t\t\t<\/div>\n\t\t\t\t<\/div>\n\t\t\t[\/vc_column_inner][vc_column_inner width=&#8221;1\/3&#8243;]\t<div class=\"team_block_content  \">\n\t\t\t\t\t<div class=\"pic\">\n\t\t\t\t\t\t\n\t\t\t\t\t\t<div class=\"team_image boxed \"><img loading=\"lazy\" decoding=\"async\" width=\"192\" height=\"182\" src=\"https:\/\/www.hcdcoronelsuarez.gob.ar\/wp-content\/uploads\/2023\/12\/beatriz_gurruchaga.jpg\" class=\"attachment-full size-full\" alt=\"\" \/><\/div>\n\t\t\t\t\t\t\n\t\t\t\t\t\t\n\t\t\t\t\t\t\n\t\t\t\t\t\t<div class=\"team_block\">\n\t\t\t\t\t\t\t<h4>Analia Gurruchaga<\/h4>\n\t\t\t\t\t\t\t<p class=\"team_desc\"><\/p>\n\t\t\t\t\t\t\t<p class=\"team_text\"><\/p>\n\t\t\t\t\t\t\t<div class=\"team_icons\">\n\t\t\t\t\t\t\n\t\t\t\t\t\t\n\t\t\t\t\t\t\n\t\t\t\t\t\t\n\t\t\t\t\t\t\n\t\t\t\t\t\t\n\t\t\t\t\t\t\n\t\t\t\t\t\t\n\t\t\t\t\t\t\t<\/div>\n\t\t\t\t\t\t<\/div>\n\t\t\t\t\t<\/div>\n\t\t\t\t<\/div>\n\t\t\t[\/vc_column_inner][vc_column_inner width=&#8221;1\/3&#8243;]\t<div class=\"team_block_content  \">\n\t\t\t\t\t<div class=\"pic\">\n\t\t\t\t\t\t\n\t\t\t\t\t\t<div class=\"team_image boxed \"><img loading=\"lazy\" decoding=\"async\" width=\"192\" height=\"182\" src=\"https:\/\/www.hcdcoronelsuarez.gob.ar\/wp-content\/uploads\/2023\/12\/hugo_schulmeister.jpg\" class=\"attachment-full size-full\" alt=\"\" \/><\/div>\n\t\t\t\t\t\t\n\t\t\t\t\t\t\n\t\t\t\t\t\t\n\t\t\t\t\t\t<div class=\"team_block\">\n\t\t\t\t\t\t\t<h4>Hugo Schulmeister<\/h4>\n\t\t\t\t\t\t\t<p class=\"team_desc\"><\/p>\n\t\t\t\t\t\t\t<p class=\"team_text\"><\/p>\n\t\t\t\t\t\t\t<div class=\"team_icons\">\n\t\t\t\t\t\t\n\t\t\t\t\t\t\n\t\t\t\t\t\t\n\t\t\t\t\t\t\n\t\t\t\t\t\t\n\t\t\t\t\t\t\n\t\t\t\t\t\t\n\t\t\t\t\t\t\n\t\t\t\t\t\t\t<\/div>\n\t\t\t\t\t\t<\/div>\n\t\t\t\t\t<\/div>\n\t\t\t\t<\/div>\n\t\t\t[\/vc_column_inner][\/vc_row_inner][vc_row_inner][vc_column_inner width=&#8221;1\/3&#8243;]\t<div class=\"team_block_content  \">\n\t\t\t\t\t<div class=\"pic\">\n\t\t\t\t\t\t\n\t\t\t\t\t\t<div class=\"team_image boxed \"><img loading=\"lazy\" decoding=\"async\" width=\"192\" height=\"182\" src=\"https:\/\/www.hcdcoronelsuarez.gob.ar\/wp-content\/uploads\/2023\/12\/elisabeth_minnig.jpg\" class=\"attachment-full size-full\" alt=\"\" \/><\/div>\n\t\t\t\t\t\t\n\t\t\t\t\t\t\n\t\t\t\t\t\t\n\t\t\t\t\t\t<div class=\"team_block\">\n\t\t\t\t\t\t\t<h4>Elisabeth Minnig<\/h4>\n\t\t\t\t\t\t\t<p class=\"team_desc\"><\/p>\n\t\t\t\t\t\t\t<p class=\"team_text\"><\/p>\n\t\t\t\t\t\t\t<div class=\"team_icons\">\n\t\t\t\t\t\t\n\t\t\t\t\t\t\n\t\t\t\t\t\t\n\t\t\t\t\t\t\n\t\t\t\t\t\t\n\t\t\t\t\t\t\n\t\t\t\t\t\t\n\t\t\t\t\t\t\n\t\t\t\t\t\t\t<\/div>\n\t\t\t\t\t\t<\/div>\n\t\t\t\t\t<\/div>\n\t\t\t\t<\/div>\n\t\t\t[\/vc_column_inner][vc_column_inner width=&#8221;1\/3&#8243;]\t<div class=\"team_block_content  \">\n\t\t\t\t\t<div class=\"pic\">\n\t\t\t\t\t\t\n\t\t\t\t\t\t<div class=\"team_image boxed \"><img loading=\"lazy\" decoding=\"async\" width=\"192\" height=\"182\" src=\"https:\/\/www.hcdcoronelsuarez.gob.ar\/wp-content\/uploads\/2023\/12\/alfredo_benz.jpg\" class=\"attachment-full size-full\" alt=\"\" \/><\/div>\n\t\t\t\t\t\t\n\t\t\t\t\t\t\n\t\t\t\t\t\t\n\t\t\t\t\t\t<div class=\"team_block\">\n\t\t\t\t\t\t\t<h4>Alejandro Benz<\/h4>\n\t\t\t\t\t\t\t<p class=\"team_desc\"><\/p>\n\t\t\t\t\t\t\t<p class=\"team_text\"><\/p>\n\t\t\t\t\t\t\t<div class=\"team_icons\">\n\t\t\t\t\t\t\n\t\t\t\t\t\t\n\t\t\t\t\t\t\n\t\t\t\t\t\t\n\t\t\t\t\t\t\n\t\t\t\t\t\t\n\t\t\t\t\t\t\n\t\t\t\t\t\t\n\t\t\t\t\t\t\t<\/div>\n\t\t\t\t\t\t<\/div>\n\t\t\t\t\t<\/div>\n\t\t\t\t<\/div>\n\t\t\t[\/vc_column_inner][\/vc_row_inner]<\/div><div class=\"single_tab_div\" rel-title=\"&lt;strong&gt;Comisi\u00f3n de Ecolog\u00eda y Medio Ambiente &lt;\/strong&gt;\" rel-icon=\"\">[vc_column_text]<em><strong>Funciones:<\/strong><\/em>[\/vc_column_text][vc_row_inner][vc_column_inner width=&#8221;1\/2&#8243;]\t<div class=\"team_block_content  \">\n\t\t\t\t\t<div class=\"pic\">\n\t\t\t\t\t\t\n\t\t\t\t\t\t<div class=\"team_image boxed \"><img loading=\"lazy\" decoding=\"async\" width=\"192\" height=\"182\" src=\"https:\/\/www.hcdcoronelsuarez.gob.ar\/wp-content\/uploads\/2023\/12\/mariajose_lacoste.jpg\" class=\"attachment-full size-full\" alt=\"\" \/><\/div>\n\t\t\t\t\t\t\n\t\t\t\t\t\t\n\t\t\t\t\t\t\n\t\t\t\t\t\t<div class=\"team_block\">\n\t\t\t\t\t\t\t<h4>Mar\u00eda Jos\u00e9 Lacoste<\/h4>\n\t\t\t\t\t\t\t<p class=\"team_desc\">Presidente<\/p>\n\t\t\t\t\t\t\t<p class=\"team_text\"><\/p>\n\t\t\t\t\t\t\t<div class=\"team_icons\">\n\t\t\t\t\t\t\n\t\t\t\t\t\t\n\t\t\t\t\t\t\n\t\t\t\t\t\t\n\t\t\t\t\t\t\n\t\t\t\t\t\t\n\t\t\t\t\t\t\n\t\t\t\t\t\t\n\t\t\t\t\t\t\t<\/div>\n\t\t\t\t\t\t<\/div>\n\t\t\t\t\t<\/div>\n\t\t\t\t<\/div>\n\t\t\t[\/vc_column_inner][vc_column_inner width=&#8221;1\/2&#8243;]\t<div class=\"team_block_content  \">\n\t\t\t\t\t<div class=\"pic\">\n\t\t\t\t\t\t\n\t\t\t\t\t\t<div class=\"team_image boxed \"><img loading=\"lazy\" decoding=\"async\" width=\"192\" height=\"182\" src=\"https:\/\/www.hcdcoronelsuarez.gob.ar\/wp-content\/uploads\/2023\/12\/alfredo_benz.jpg\" class=\"attachment-full size-full\" alt=\"\" \/><\/div>\n\t\t\t\t\t\t\n\t\t\t\t\t\t\n\t\t\t\t\t\t\n\t\t\t\t\t\t<div class=\"team_block\">\n\t\t\t\t\t\t\t<h4>Alejandro Benz<\/h4>\n\t\t\t\t\t\t\t<p class=\"team_desc\">Secretario<\/p>\n\t\t\t\t\t\t\t<p class=\"team_text\"><\/p>\n\t\t\t\t\t\t\t<div class=\"team_icons\">\n\t\t\t\t\t\t\n\t\t\t\t\t\t\n\t\t\t\t\t\t\n\t\t\t\t\t\t\n\t\t\t\t\t\t\n\t\t\t\t\t\t\n\t\t\t\t\t\t\n\t\t\t\t\t\t\n\t\t\t\t\t\t\t<\/div>\n\t\t\t\t\t\t<\/div>\n\t\t\t\t\t<\/div>\n\t\t\t\t<\/div>\n\t\t\t[\/vc_column_inner][\/vc_row_inner][vc_row_inner][vc_column_inner width=&#8221;1\/3&#8243;]\t<div class=\"team_block_content  \">\n\t\t\t\t\t<div class=\"pic\">\n\t\t\t\t\t\t\n\t\t\t\t\t\t<div class=\"team_image boxed \"><img loading=\"lazy\" decoding=\"async\" width=\"192\" height=\"182\" src=\"https:\/\/www.hcdcoronelsuarez.gob.ar\/wp-content\/uploads\/2023\/12\/elisabeth_minnig.jpg\" class=\"attachment-full size-full\" alt=\"\" \/><\/div>\n\t\t\t\t\t\t\n\t\t\t\t\t\t\n\t\t\t\t\t\t\n\t\t\t\t\t\t<div class=\"team_block\">\n\t\t\t\t\t\t\t<h4>Elisabeth Minnig<\/h4>\n\t\t\t\t\t\t\t<p class=\"team_desc\"><\/p>\n\t\t\t\t\t\t\t<p class=\"team_text\"><\/p>\n\t\t\t\t\t\t\t<div class=\"team_icons\">\n\t\t\t\t\t\t\n\t\t\t\t\t\t\n\t\t\t\t\t\t\n\t\t\t\t\t\t\n\t\t\t\t\t\t\n\t\t\t\t\t\t\n\t\t\t\t\t\t\n\t\t\t\t\t\t\n\t\t\t\t\t\t\t<\/div>\n\t\t\t\t\t\t<\/div>\n\t\t\t\t\t<\/div>\n\t\t\t\t<\/div>\n\t\t\t[\/vc_column_inner][vc_column_inner width=&#8221;1\/3&#8243;]\t<div class=\"team_block_content  \">\n\t\t\t\t\t<div class=\"pic\">\n\t\t\t\t\t\t\n\t\t\t\t\t\t<div class=\"team_image boxed \"><img loading=\"lazy\" decoding=\"async\" width=\"192\" height=\"182\" src=\"https:\/\/www.hcdcoronelsuarez.gob.ar\/wp-content\/uploads\/2023\/12\/mauro_moccero.jpg\" class=\"attachment-full size-full\" alt=\"\" \/><\/div>\n\t\t\t\t\t\t\n\t\t\t\t\t\t\n\t\t\t\t\t\t\n\t\t\t\t\t\t<div class=\"team_block\">\n\t\t\t\t\t\t\t<h4>Mauro Moccero<\/h4>\n\t\t\t\t\t\t\t<p class=\"team_desc\"><\/p>\n\t\t\t\t\t\t\t<p class=\"team_text\"><\/p>\n\t\t\t\t\t\t\t<div class=\"team_icons\">\n\t\t\t\t\t\t\n\t\t\t\t\t\t\n\t\t\t\t\t\t\n\t\t\t\t\t\t\n\t\t\t\t\t\t\n\t\t\t\t\t\t\n\t\t\t\t\t\t\n\t\t\t\t\t\t\n\t\t\t\t\t\t\t<\/div>\n\t\t\t\t\t\t<\/div>\n\t\t\t\t\t<\/div>\n\t\t\t\t<\/div>\n\t\t\t[\/vc_column_inner][vc_column_inner width=&#8221;1\/3&#8243;]\t<div class=\"team_block_content  \">\n\t\t\t\t\t<div class=\"pic\">\n\t\t\t\t\t\t\n\t\t\t\t\t\t<div class=\"team_image boxed \"><img loading=\"lazy\" decoding=\"async\" width=\"192\" height=\"182\" src=\"https:\/\/www.hcdcoronelsuarez.gob.ar\/wp-content\/uploads\/2023\/12\/lujan_speranza.jpg\" class=\"attachment-full size-full\" alt=\"\" \/><\/div>\n\t\t\t\t\t\t\n\t\t\t\t\t\t\n\t\t\t\t\t\t\n\t\t\t\t\t\t<div class=\"team_block\">\n\t\t\t\t\t\t\t<h4>Mar\u00eda Luj\u00e1n Speranza<\/h4>\n\t\t\t\t\t\t\t<p class=\"team_desc\"><\/p>\n\t\t\t\t\t\t\t<p class=\"team_text\"><\/p>\n\t\t\t\t\t\t\t<div class=\"team_icons\">\n\t\t\t\t\t\t\n\t\t\t\t\t\t\n\t\t\t\t\t\t\n\t\t\t\t\t\t\n\t\t\t\t\t\t\n\t\t\t\t\t\t\n\t\t\t\t\t\t\n\t\t\t\t\t\t\n\t\t\t\t\t\t\t<\/div>\n\t\t\t\t\t\t<\/div>\n\t\t\t\t\t<\/div>\n\t\t\t\t<\/div>\n\t\t\t[\/vc_column_inner][\/vc_row_inner][vc_row_inner][vc_column_inner width=&#8221;1\/3&#8243;]\t<div class=\"team_block_content  \">\n\t\t\t\t\t<div class=\"pic\">\n\t\t\t\t\t\t\n\t\t\t\t\t\t<div class=\"team_image boxed \"><img loading=\"lazy\" decoding=\"async\" width=\"192\" height=\"182\" src=\"https:\/\/www.hcdcoronelsuarez.gob.ar\/wp-content\/uploads\/2023\/12\/beatriz_gurruchaga.jpg\" class=\"attachment-full size-full\" alt=\"\" \/><\/div>\n\t\t\t\t\t\t\n\t\t\t\t\t\t\n\t\t\t\t\t\t\n\t\t\t\t\t\t<div class=\"team_block\">\n\t\t\t\t\t\t\t<h4>Analia Gurruchaga<\/h4>\n\t\t\t\t\t\t\t<p class=\"team_desc\"><\/p>\n\t\t\t\t\t\t\t<p class=\"team_text\"><\/p>\n\t\t\t\t\t\t\t<div class=\"team_icons\">\n\t\t\t\t\t\t\n\t\t\t\t\t\t\n\t\t\t\t\t\t\n\t\t\t\t\t\t\n\t\t\t\t\t\t\n\t\t\t\t\t\t\n\t\t\t\t\t\t\n\t\t\t\t\t\t\n\t\t\t\t\t\t\t<\/div>\n\t\t\t\t\t\t<\/div>\n\t\t\t\t\t<\/div>\n\t\t\t\t<\/div>\n\t\t\t[\/vc_column_inner][vc_column_inner width=&#8221;1\/3&#8243;]\t<div class=\"team_block_content  \">\n\t\t\t\t\t<div class=\"pic\">\n\t\t\t\t\t\t\n\t\t\t\t\t\t<div class=\"team_image boxed \"><img loading=\"lazy\" decoding=\"async\" width=\"192\" height=\"182\" src=\"https:\/\/www.hcdcoronelsuarez.gob.ar\/wp-content\/uploads\/2023\/12\/juan_bonnaterre.jpg\" class=\"attachment-full size-full\" alt=\"\" \/><\/div>\n\t\t\t\t\t\t\n\t\t\t\t\t\t\n\t\t\t\t\t\t\n\t\t\t\t\t\t<div class=\"team_block\">\n\t\t\t\t\t\t\t<h4>Juan Manuel Bonnaterre<\/h4>\n\t\t\t\t\t\t\t<p class=\"team_desc\"><\/p>\n\t\t\t\t\t\t\t<p class=\"team_text\"><\/p>\n\t\t\t\t\t\t\t<div class=\"team_icons\">\n\t\t\t\t\t\t\n\t\t\t\t\t\t\n\t\t\t\t\t\t\n\t\t\t\t\t\t\n\t\t\t\t\t\t\n\t\t\t\t\t\t\n\t\t\t\t\t\t\n\t\t\t\t\t\t\n\t\t\t\t\t\t\t<\/div>\n\t\t\t\t\t\t<\/div>\n\t\t\t\t\t<\/div>\n\t\t\t\t<\/div>\n\t\t\t[\/vc_column_inner][\/vc_row_inner]<\/div><div class=\"single_tab_div\" rel-title=\"&lt;strong&gt;Comisi\u00f3n de Seguridad&lt;\/strong&gt;\" rel-icon=\"\">[vc_column_text]<em><strong>Funciones:<\/strong><\/em><\/p>\n<ul>\n<li style=\"text-align: justify;\">Trabajo de manera directa con la Mesa de la Nocturnidad, abordando todas aquellas problem\u00e1ticas vinculadas con las reglamentaciones en vigencia que regulan la actividad nocturna de la ciudad, se logr\u00f3 acordar la ordenanza que normatiza la fiestas privadas en la jurisdicci\u00f3n del Distrito, del trabajo realizado a partir de reuniones con entidades educativas superiores, se recomendaron espacios p\u00fablicos donde era necesario extender la red de monitoreo.<\/li>\n<li style=\"text-align: justify;\">Se logr\u00f3 aprobar la ordenanza que proh\u00edbe y sanciona el consumo de alcohol en la v\u00eda p\u00fablica.<\/li>\n<li style=\"text-align: justify;\">Se ha logrado asimismo trabajar en acuerdos con la Comisi\u00f3n de Interpretaci\u00f3n y Reglamento ya que muchos de los temas tienen directa relaci\u00f3n con su quehacer legislativo.<\/li>\n<\/ul>\n<p>[\/vc_column_text][vc_row_inner][vc_column_inner width=&#8221;1\/2&#8243;]\t<div class=\"team_block_content  \">\n\t\t\t\t\t<div class=\"pic\">\n\t\t\t\t\t\t\n\t\t\t\t\t\t<div class=\"team_image boxed \"><img loading=\"lazy\" decoding=\"async\" width=\"192\" height=\"182\" src=\"https:\/\/www.hcdcoronelsuarez.gob.ar\/wp-content\/uploads\/2023\/12\/ezequiel_filipuzzi.jpg\" class=\"attachment-full size-full\" alt=\"\" \/><\/div>\n\t\t\t\t\t\t\n\t\t\t\t\t\t\n\t\t\t\t\t\t\n\t\t\t\t\t\t<div class=\"team_block\">\n\t\t\t\t\t\t\t<h4>Ezequiel Filipuzzi<\/h4>\n\t\t\t\t\t\t\t<p class=\"team_desc\">Presidente<\/p>\n\t\t\t\t\t\t\t<p class=\"team_text\"><\/p>\n\t\t\t\t\t\t\t<div class=\"team_icons\">\n\t\t\t\t\t\t\n\t\t\t\t\t\t\n\t\t\t\t\t\t\n\t\t\t\t\t\t\n\t\t\t\t\t\t\n\t\t\t\t\t\t\n\t\t\t\t\t\t\n\t\t\t\t\t\t\n\t\t\t\t\t\t\t<\/div>\n\t\t\t\t\t\t<\/div>\n\t\t\t\t\t<\/div>\n\t\t\t\t<\/div>\n\t\t\t[\/vc_column_inner][vc_column_inner width=&#8221;1\/2&#8243;]\t<div class=\"team_block_content  \">\n\t\t\t\t\t<div class=\"pic\">\n\t\t\t\t\t\t\n\t\t\t\t\t\t<div class=\"team_image boxed \"><img loading=\"lazy\" decoding=\"async\" width=\"192\" height=\"182\" src=\"https:\/\/www.hcdcoronelsuarez.gob.ar\/wp-content\/uploads\/2023\/12\/flavio_diez-1.jpg\" class=\"attachment-full size-full\" alt=\"\" \/><\/div>\n\t\t\t\t\t\t\n\t\t\t\t\t\t\n\t\t\t\t\t\t\n\t\t\t\t\t\t<div class=\"team_block\">\n\t\t\t\t\t\t\t<h4>Flavio Luis Diez<\/h4>\n\t\t\t\t\t\t\t<p class=\"team_desc\">Secretario<\/p>\n\t\t\t\t\t\t\t<p class=\"team_text\"><\/p>\n\t\t\t\t\t\t\t<div class=\"team_icons\">\n\t\t\t\t\t\t\n\t\t\t\t\t\t\n\t\t\t\t\t\t\n\t\t\t\t\t\t\n\t\t\t\t\t\t\n\t\t\t\t\t\t\n\t\t\t\t\t\t\n\t\t\t\t\t\t\n\t\t\t\t\t\t\t<\/div>\n\t\t\t\t\t\t<\/div>\n\t\t\t\t\t<\/div>\n\t\t\t\t<\/div>\n\t\t\t[\/vc_column_inner][\/vc_row_inner][vc_row_inner][vc_column_inner width=&#8221;1\/3&#8243;]\t<div class=\"team_block_content  \">\n\t\t\t\t\t<div class=\"pic\">\n\t\t\t\t\t\t\n\t\t\t\t\t\t<div class=\"team_image boxed \"><img loading=\"lazy\" decoding=\"async\" width=\"192\" height=\"182\" src=\"https:\/\/www.hcdcoronelsuarez.gob.ar\/wp-content\/uploads\/2023\/12\/valeria_negrin.jpg\" class=\"attachment-full size-full\" alt=\"\" \/><\/div>\n\t\t\t\t\t\t\n\t\t\t\t\t\t\n\t\t\t\t\t\t\n\t\t\t\t\t\t<div class=\"team_block\">\n\t\t\t\t\t\t\t<h4>Valeria Negr\u00edn<\/h4>\n\t\t\t\t\t\t\t<p class=\"team_desc\"><\/p>\n\t\t\t\t\t\t\t<p class=\"team_text\"><\/p>\n\t\t\t\t\t\t\t<div class=\"team_icons\">\n\t\t\t\t\t\t\n\t\t\t\t\t\t\n\t\t\t\t\t\t\n\t\t\t\t\t\t\n\t\t\t\t\t\t\n\t\t\t\t\t\t\n\t\t\t\t\t\t\n\t\t\t\t\t\t\n\t\t\t\t\t\t\t<\/div>\n\t\t\t\t\t\t<\/div>\n\t\t\t\t\t<\/div>\n\t\t\t\t<\/div>\n\t\t\t[\/vc_column_inner][vc_column_inner width=&#8221;1\/3&#8243;]\t<div class=\"team_block_content  \">\n\t\t\t\t\t<div class=\"pic\">\n\t\t\t\t\t\t\n\t\t\t\t\t\t<div class=\"team_image boxed \"><img loading=\"lazy\" decoding=\"async\" width=\"192\" height=\"182\" src=\"https:\/\/www.hcdcoronelsuarez.gob.ar\/wp-content\/uploads\/2023\/12\/evangelina_arroquy.jpg\" class=\"attachment-full size-full\" alt=\"\" \/><\/div>\n\t\t\t\t\t\t\n\t\t\t\t\t\t\n\t\t\t\t\t\t\n\t\t\t\t\t\t<div class=\"team_block\">\n\t\t\t\t\t\t\t<h4>Evangelina Arroquy<\/h4>\n\t\t\t\t\t\t\t<p class=\"team_desc\"><\/p>\n\t\t\t\t\t\t\t<p class=\"team_text\"><\/p>\n\t\t\t\t\t\t\t<div class=\"team_icons\">\n\t\t\t\t\t\t\n\t\t\t\t\t\t\n\t\t\t\t\t\t\n\t\t\t\t\t\t\n\t\t\t\t\t\t\n\t\t\t\t\t\t\n\t\t\t\t\t\t\n\t\t\t\t\t\t\n\t\t\t\t\t\t\t<\/div>\n\t\t\t\t\t\t<\/div>\n\t\t\t\t\t<\/div>\n\t\t\t\t<\/div>\n\t\t\t[\/vc_column_inner][vc_column_inner width=&#8221;1\/3&#8243;]\t<div class=\"team_block_content  \">\n\t\t\t\t\t<div class=\"pic\">\n\t\t\t\t\t\t\n\t\t\t\t\t\t<div class=\"team_image boxed \"><img loading=\"lazy\" decoding=\"async\" width=\"192\" height=\"182\" src=\"https:\/\/www.hcdcoronelsuarez.gob.ar\/wp-content\/uploads\/2023\/12\/mauro_moccero.jpg\" class=\"attachment-full size-full\" alt=\"\" \/><\/div>\n\t\t\t\t\t\t\n\t\t\t\t\t\t\n\t\t\t\t\t\t\n\t\t\t\t\t\t<div class=\"team_block\">\n\t\t\t\t\t\t\t<h4>Mauro Moccero<\/h4>\n\t\t\t\t\t\t\t<p class=\"team_desc\"><\/p>\n\t\t\t\t\t\t\t<p class=\"team_text\"><\/p>\n\t\t\t\t\t\t\t<div class=\"team_icons\">\n\t\t\t\t\t\t\n\t\t\t\t\t\t\n\t\t\t\t\t\t\n\t\t\t\t\t\t\n\t\t\t\t\t\t\n\t\t\t\t\t\t\n\t\t\t\t\t\t\n\t\t\t\t\t\t\n\t\t\t\t\t\t\t<\/div>\n\t\t\t\t\t\t<\/div>\n\t\t\t\t\t<\/div>\n\t\t\t\t<\/div>\n\t\t\t[\/vc_column_inner][\/vc_row_inner][vc_row_inner][vc_column_inner width=&#8221;1\/3&#8243;]\t<div class=\"team_block_content  \">\n\t\t\t\t\t<div class=\"pic\">\n\t\t\t\t\t\t\n\t\t\t\t\t\t<div class=\"team_image boxed \"><img loading=\"lazy\" decoding=\"async\" width=\"192\" height=\"182\" src=\"https:\/\/www.hcdcoronelsuarez.gob.ar\/wp-content\/uploads\/2023\/12\/hugo_schulmeister.jpg\" class=\"attachment-full size-full\" alt=\"\" \/><\/div>\n\t\t\t\t\t\t\n\t\t\t\t\t\t\n\t\t\t\t\t\t\n\t\t\t\t\t\t<div class=\"team_block\">\n\t\t\t\t\t\t\t<h4>Hugo Schulmeister<\/h4>\n\t\t\t\t\t\t\t<p class=\"team_desc\"><\/p>\n\t\t\t\t\t\t\t<p class=\"team_text\"><\/p>\n\t\t\t\t\t\t\t<div class=\"team_icons\">\n\t\t\t\t\t\t\n\t\t\t\t\t\t\n\t\t\t\t\t\t\n\t\t\t\t\t\t\n\t\t\t\t\t\t\n\t\t\t\t\t\t\n\t\t\t\t\t\t\n\t\t\t\t\t\t\n\t\t\t\t\t\t\t<\/div>\n\t\t\t\t\t\t<\/div>\n\t\t\t\t\t<\/div>\n\t\t\t\t<\/div>\n\t\t\t[\/vc_column_inner][vc_column_inner width=&#8221;1\/3&#8243;]\t<div class=\"team_block_content  \">\n\t\t\t\t\t<div class=\"pic\">\n\t\t\t\t\t\t\n\t\t\t\t\t\t<div class=\"team_image boxed \"><img loading=\"lazy\" decoding=\"async\" width=\"192\" height=\"182\" src=\"https:\/\/www.hcdcoronelsuarez.gob.ar\/wp-content\/uploads\/2023\/12\/alfredo_benz.jpg\" class=\"attachment-full size-full\" alt=\"\" \/><\/div>\n\t\t\t\t\t\t\n\t\t\t\t\t\t\n\t\t\t\t\t\t\n\t\t\t\t\t\t<div class=\"team_block\">\n\t\t\t\t\t\t\t<h4>Alejandro Benz<\/h4>\n\t\t\t\t\t\t\t<p class=\"team_desc\"><\/p>\n\t\t\t\t\t\t\t<p class=\"team_text\"><\/p>\n\t\t\t\t\t\t\t<div class=\"team_icons\">\n\t\t\t\t\t\t\n\t\t\t\t\t\t\n\t\t\t\t\t\t\n\t\t\t\t\t\t\n\t\t\t\t\t\t\n\t\t\t\t\t\t\n\t\t\t\t\t\t\n\t\t\t\t\t\t\n\t\t\t\t\t\t\t<\/div>\n\t\t\t\t\t\t<\/div>\n\t\t\t\t\t<\/div>\n\t\t\t\t<\/div>\n\t\t\t[\/vc_column_inner][\/vc_row_inner]<\/div><div class=\"single_tab_div\" rel-title=\"&lt;strong&gt;Comisi\u00f3n de Mujeres, G\u00e9nero y Diversidad&lt;\/strong&gt;\" rel-icon=\"\">[vc_column_text]<em><strong>Funciones:<\/strong><\/em><\/p>\n<ul>\n<li style=\"text-align: justify;\"><\/li>\n<\/ul>\n<p>[\/vc_column_text][vc_row_inner][vc_column_inner width=&#8221;1\/2&#8243;]\t<div class=\"team_block_content  \">\n\t\t\t\t\t<div class=\"pic\">\n\t\t\t\t\t\t\n\t\t\t\t\t\t<div class=\"team_image boxed \"><img loading=\"lazy\" decoding=\"async\" width=\"192\" height=\"182\" src=\"https:\/\/www.hcdcoronelsuarez.gob.ar\/wp-content\/uploads\/2023\/12\/elisabeth_minnig.jpg\" class=\"attachment-full size-full\" alt=\"\" \/><\/div>\n\t\t\t\t\t\t\n\t\t\t\t\t\t\n\t\t\t\t\t\t\n\t\t\t\t\t\t<div class=\"team_block\">\n\t\t\t\t\t\t\t<h4>Elisabeth Minnig<\/h4>\n\t\t\t\t\t\t\t<p class=\"team_desc\">Presidente<\/p>\n\t\t\t\t\t\t\t<p class=\"team_text\"><\/p>\n\t\t\t\t\t\t\t<div class=\"team_icons\">\n\t\t\t\t\t\t\n\t\t\t\t\t\t\n\t\t\t\t\t\t\n\t\t\t\t\t\t\n\t\t\t\t\t\t\n\t\t\t\t\t\t\n\t\t\t\t\t\t\n\t\t\t\t\t\t\n\t\t\t\t\t\t\t<\/div>\n\t\t\t\t\t\t<\/div>\n\t\t\t\t\t<\/div>\n\t\t\t\t<\/div>\n\t\t\t[\/vc_column_inner][vc_column_inner width=&#8221;1\/2&#8243;]\t<div class=\"team_block_content  \">\n\t\t\t\t\t<div class=\"pic\">\n\t\t\t\t\t\t\n\t\t\t\t\t\t<div class=\"team_image boxed \"><img loading=\"lazy\" decoding=\"async\" width=\"192\" height=\"182\" src=\"https:\/\/www.hcdcoronelsuarez.gob.ar\/wp-content\/uploads\/2023\/12\/mariajose_lacoste.jpg\" class=\"attachment-full size-full\" alt=\"\" \/><\/div>\n\t\t\t\t\t\t\n\t\t\t\t\t\t\n\t\t\t\t\t\t\n\t\t\t\t\t\t<div class=\"team_block\">\n\t\t\t\t\t\t\t<h4>Mar\u00eda Jos\u00e9 Lacoste<\/h4>\n\t\t\t\t\t\t\t<p class=\"team_desc\">Secretario<\/p>\n\t\t\t\t\t\t\t<p class=\"team_text\"><\/p>\n\t\t\t\t\t\t\t<div class=\"team_icons\">\n\t\t\t\t\t\t\n\t\t\t\t\t\t\n\t\t\t\t\t\t\n\t\t\t\t\t\t\n\t\t\t\t\t\t\n\t\t\t\t\t\t\n\t\t\t\t\t\t\n\t\t\t\t\t\t\n\t\t\t\t\t\t\t<\/div>\n\t\t\t\t\t\t<\/div>\n\t\t\t\t\t<\/div>\n\t\t\t\t<\/div>\n\t\t\t[\/vc_column_inner][\/vc_row_inner][vc_row_inner][vc_column_inner width=&#8221;1\/3&#8243;]\t<div class=\"team_block_content  \">\n\t\t\t\t\t<div class=\"pic\">\n\t\t\t\t\t\t\n\t\t\t\t\t\t<div class=\"team_image boxed \"><img loading=\"lazy\" decoding=\"async\" width=\"192\" height=\"182\" src=\"https:\/\/www.hcdcoronelsuarez.gob.ar\/wp-content\/uploads\/2023\/12\/ezequiel_filipuzzi.jpg\" class=\"attachment-full size-full\" alt=\"\" \/><\/div>\n\t\t\t\t\t\t\n\t\t\t\t\t\t\n\t\t\t\t\t\t\n\t\t\t\t\t\t<div class=\"team_block\">\n\t\t\t\t\t\t\t<h4>Ezequiel Filipuzzi<\/h4>\n\t\t\t\t\t\t\t<p class=\"team_desc\"><\/p>\n\t\t\t\t\t\t\t<p class=\"team_text\"><\/p>\n\t\t\t\t\t\t\t<div class=\"team_icons\">\n\t\t\t\t\t\t\n\t\t\t\t\t\t\n\t\t\t\t\t\t\n\t\t\t\t\t\t\n\t\t\t\t\t\t\n\t\t\t\t\t\t\n\t\t\t\t\t\t\n\t\t\t\t\t\t\n\t\t\t\t\t\t\t<\/div>\n\t\t\t\t\t\t<\/div>\n\t\t\t\t\t<\/div>\n\t\t\t\t<\/div>\n\t\t\t[\/vc_column_inner][vc_column_inner width=&#8221;1\/3&#8243;]\t<div class=\"team_block_content  \">\n\t\t\t\t\t<div class=\"pic\">\n\t\t\t\t\t\t\n\t\t\t\t\t\t<div class=\"team_image boxed \"><img loading=\"lazy\" decoding=\"async\" width=\"192\" height=\"182\" src=\"https:\/\/www.hcdcoronelsuarez.gob.ar\/wp-content\/uploads\/2023\/12\/valeria_negrin.jpg\" class=\"attachment-full size-full\" alt=\"\" \/><\/div>\n\t\t\t\t\t\t\n\t\t\t\t\t\t\n\t\t\t\t\t\t\n\t\t\t\t\t\t<div class=\"team_block\">\n\t\t\t\t\t\t\t<h4>Valeria Negr\u00edn<\/h4>\n\t\t\t\t\t\t\t<p class=\"team_desc\"><\/p>\n\t\t\t\t\t\t\t<p class=\"team_text\"><\/p>\n\t\t\t\t\t\t\t<div class=\"team_icons\">\n\t\t\t\t\t\t\n\t\t\t\t\t\t\n\t\t\t\t\t\t\n\t\t\t\t\t\t\n\t\t\t\t\t\t\n\t\t\t\t\t\t\n\t\t\t\t\t\t\n\t\t\t\t\t\t\n\t\t\t\t\t\t\t<\/div>\n\t\t\t\t\t\t<\/div>\n\t\t\t\t\t<\/div>\n\t\t\t\t<\/div>\n\t\t\t[\/vc_column_inner][vc_column_inner width=&#8221;1\/3&#8243;]\t<div class=\"team_block_content  \">\n\t\t\t\t\t<div class=\"pic\">\n\t\t\t\t\t\t\n\t\t\t\t\t\t<div class=\"team_image boxed \"><img loading=\"lazy\" decoding=\"async\" width=\"192\" height=\"182\" src=\"https:\/\/www.hcdcoronelsuarez.gob.ar\/wp-content\/uploads\/2023\/12\/mauro_moccero.jpg\" class=\"attachment-full size-full\" alt=\"\" \/><\/div>\n\t\t\t\t\t\t\n\t\t\t\t\t\t\n\t\t\t\t\t\t\n\t\t\t\t\t\t<div class=\"team_block\">\n\t\t\t\t\t\t\t<h4>Mauro Moccero<\/h4>\n\t\t\t\t\t\t\t<p class=\"team_desc\"><\/p>\n\t\t\t\t\t\t\t<p class=\"team_text\"><\/p>\n\t\t\t\t\t\t\t<div class=\"team_icons\">\n\t\t\t\t\t\t\n\t\t\t\t\t\t\n\t\t\t\t\t\t\n\t\t\t\t\t\t\n\t\t\t\t\t\t\n\t\t\t\t\t\t\n\t\t\t\t\t\t\n\t\t\t\t\t\t\n\t\t\t\t\t\t\t<\/div>\n\t\t\t\t\t\t<\/div>\n\t\t\t\t\t<\/div>\n\t\t\t\t<\/div>\n\t\t\t[\/vc_column_inner][\/vc_row_inner][vc_row_inner][vc_column_inner width=&#8221;1\/3&#8243;]\t<div class=\"team_block_content  \">\n\t\t\t\t\t<div class=\"pic\">\n\t\t\t\t\t\t\n\t\t\t\t\t\t<div class=\"team_image boxed \"><img loading=\"lazy\" decoding=\"async\" width=\"192\" height=\"182\" src=\"https:\/\/www.hcdcoronelsuarez.gob.ar\/wp-content\/uploads\/2023\/12\/evangelina_arroquy.jpg\" class=\"attachment-full size-full\" alt=\"\" \/><\/div>\n\t\t\t\t\t\t\n\t\t\t\t\t\t\n\t\t\t\t\t\t\n\t\t\t\t\t\t<div class=\"team_block\">\n\t\t\t\t\t\t\t<h4>Evangelina Arroquy<\/h4>\n\t\t\t\t\t\t\t<p class=\"team_desc\"><\/p>\n\t\t\t\t\t\t\t<p class=\"team_text\"><\/p>\n\t\t\t\t\t\t\t<div class=\"team_icons\">\n\t\t\t\t\t\t\n\t\t\t\t\t\t\n\t\t\t\t\t\t\n\t\t\t\t\t\t\n\t\t\t\t\t\t\n\t\t\t\t\t\t\n\t\t\t\t\t\t\n\t\t\t\t\t\t\n\t\t\t\t\t\t\t<\/div>\n\t\t\t\t\t\t<\/div>\n\t\t\t\t\t<\/div>\n\t\t\t\t<\/div>\n\t\t\t[\/vc_column_inner][vc_column_inner width=&#8221;1\/3&#8243;]\t<div class=\"team_block_content  \">\n\t\t\t\t\t<div class=\"pic\">\n\t\t\t\t\t\t\n\t\t\t\t\t\t<div class=\"team_image boxed \"><img loading=\"lazy\" decoding=\"async\" width=\"192\" height=\"182\" src=\"https:\/\/www.hcdcoronelsuarez.gob.ar\/wp-content\/uploads\/2023\/12\/alfredo_benz.jpg\" class=\"attachment-full size-full\" alt=\"\" \/><\/div>\n\t\t\t\t\t\t\n\t\t\t\t\t\t\n\t\t\t\t\t\t\n\t\t\t\t\t\t<div class=\"team_block\">\n\t\t\t\t\t\t\t<h4>Alejandro Benz<\/h4>\n\t\t\t\t\t\t\t<p class=\"team_desc\"><\/p>\n\t\t\t\t\t\t\t<p class=\"team_text\"><\/p>\n\t\t\t\t\t\t\t<div class=\"team_icons\">\n\t\t\t\t\t\t\n\t\t\t\t\t\t\n\t\t\t\t\t\t\n\t\t\t\t\t\t\n\t\t\t\t\t\t\n\t\t\t\t\t\t\n\t\t\t\t\t\t\n\t\t\t\t\t\t\n\t\t\t\t\t\t\t<\/div>\n\t\t\t\t\t\t<\/div>\n\t\t\t\t\t<\/div>\n\t\t\t\t<\/div>\n\t\t\t[\/vc_column_inner][\/vc_row_inner]<\/div><\/div>\n\t\t\t\t<\/div>[\/vc_column][\/vc_row][vc_row][vc_column]<div class=\"boc_divider_holder\"><div class=\"boc_divider  \"  style=\"margin-top: 20px;margin-bottom: 20px;height: 1px;background: #eeeeee;\"><\/div><\/div><h2 class=\"boc_heading  al_left  \"  style=\"margin-bottom: 20px;margin-top: 0px;color: #333333;\"><span><strong>Otras Comisiones<\/strong><\/span><\/h2><div class=\"boc_divider_holder\"><div class=\"boc_divider  \"  style=\"margin-top: 20px;margin-bottom: 20px;height: 1px;background: #eeeeee;\"><\/div><\/div>[vc_row_inner][vc_column_inner width=&#8221;1\/5&#8243;]<h4 class=\"boc_heading  al_left  \"  style=\"margin-bottom: 20px;margin-top: 0px;color: #333333;\"><span><strong>Residencias Estudiantiles<\/strong> <\/span><\/h4>[vc_column_text]<\/p>\n<ul>\n<li>Minnig, Elisabeth<\/li>\n<li>Arroquy, Evangelina<\/li>\n<li>Lacoste, Mar\u00eda Jos\u00e9<\/li>\n<li>Benz, Alejandro<\/li>\n<\/ul>\n<p>[\/vc_column_text][\/vc_column_inner][vc_column_inner width=&#8221;1\/5&#8243;]<h4 class=\"boc_heading  al_left  \"  style=\"margin-bottom: 20px;margin-top: 0px;color: #333333;\"><span><strong>Producci\u00f3n<\/strong> <\/span><\/h4>[vc_column_text]<\/p>\n<ul>\n<li>Bonnaterre, Juan Manuel<\/li>\n<li>Fernandez, Lourdes<\/li>\n<li>Schulmeister, Hugo<\/li>\n<li>Diez, Flavio<\/li>\n<li>Benz, Alejandro<\/li>\n<\/ul>\n<p>[\/vc_column_text][\/vc_column_inner][vc_column_inner width=&#8221;1\/5&#8243;]<h4 class=\"boc_heading  al_left  \"  style=\"margin-bottom: 20px;margin-top: 0px;color: #333333;\"><span><strong>Arbolado Urbano<\/strong> <\/span><\/h4>[vc_column_text]<\/p>\n<ul>\n<li>Speranza, Mar\u00eda Luj\u00e1n<\/li>\n<li>Lacoste, Mar\u00eda Jos\u00e9<\/li>\n<li>Benz, Alejandro<\/li>\n<li>Moccero, Mauro<\/li>\n<\/ul>\n<p>[\/vc_column_text][\/vc_column_inner][vc_column_inner width=&#8221;1\/5&#8243;]<h4 class=\"boc_heading  al_left  \"  style=\"margin-bottom: 20px;margin-top: 0px;color: #333333;\"><span><strong>Bibliotecas<\/strong> <\/span><\/h4>[vc_column_text]<\/p>\n<ul>\n<li>Negr\u00edn Bel\u00e9n, Valeria<\/li>\n<li>Moccero, Mauro<\/li>\n<li>Benz, Alejandro<\/li>\n<li>Lacoste, Mar\u00eda Jos\u00e9<\/li>\n<\/ul>\n<p>[\/vc_column_text][\/vc_column_inner][vc_column_inner width=&#8221;1\/5&#8243;]<h4 class=\"boc_heading  al_left  \"  style=\"margin-bottom: 20px;margin-top: 0px;color: #333333;\"><span><strong>Vivienda<\/strong> <\/span><\/h4>[vc_column_text]<\/p>\n<ul>\n<li>Minnig, Elisabeth<\/li>\n<li>Lacoste, Mar\u00eda Jos\u00e9<\/li>\n<li>Benz, Alejandro<\/li>\n<li>Arroquy, Evangelina<\/li>\n<\/ul>\n<p>[\/vc_column_text][\/vc_column_inner][\/vc_row_inner][vc_row_inner][vc_column_inner width=&#8221;1\/5&#8243;]<h4 class=\"boc_heading  al_left  \"  style=\"margin-bottom: 20px;margin-top: 0px;color: #333333;\"><span><strong>Ni\u00f1ez y Adolescencia<\/strong> <\/span><\/h4>[vc_column_text]<\/p>\n<ul>\n<li>Gurruchaga, Anal\u00eda<\/li>\n<li>Minnig, Elisabeth<\/li>\n<li>Lacoste, Mar\u00eda Jos\u00e9<\/li>\n<li>Benz, Alejandro<\/li>\n<\/ul>\n<p>[\/vc_column_text][\/vc_column_inner][vc_column_inner width=&#8221;1\/5&#8243;]<h4 class=\"boc_heading  al_left  \"  style=\"margin-bottom: 20px;margin-top: 0px;color: #333333;\"><span><strong>Consejo Asesor Ord:7404<\/strong><br \/>\nAgroqu\u00edmicos)<\/span><\/h4>[vc_column_text]<\/p>\n<ul>\n<li>Bonnaterre, Juan Manuel<\/li>\n<li>Moccero, Mauro<\/li>\n<li>Lacoste, Mar\u00eda Jos\u00e9<\/li>\n<li>Benz, Alejandro<\/li>\n<\/ul>\n<p>[\/vc_column_text][\/vc_column_inner][vc_column_inner width=&#8221;1\/5&#8243;]<h4 class=\"boc_heading  al_left  \"  style=\"margin-bottom: 20px;margin-top: 0px;color: #333333;\"><span><strong>Fondo Educativo<\/strong> <\/span><\/h4>[vc_column_text]<\/p>\n<ul>\n<li>Moccero, Mauro<\/li>\n<li>Filipuzzi, Ezequiel<\/li>\n<li>Benz, Alejandro<\/li>\n<li>Lacoste, Mar\u00eda Jos\u00e9<\/li>\n<\/ul>\n<p>[\/vc_column_text][\/vc_column_inner][vc_column_inner width=&#8221;1\/5&#8243;]<h4 class=\"boc_heading  al_left  \"  style=\"margin-bottom: 20px;margin-top: 0px;color: #333333;\"><span><strong>Discapacidad<\/strong> <\/span><\/h4>[vc_column_text]<\/p>\n<ul>\n<li>Carbini, N\u00e9stor<\/li>\n<li>Negrin Belen, Valeria<\/li>\n<li>Diez, Flavio<\/li>\n<li>Benz, Alejandro<\/li>\n<\/ul>\n<p>[\/vc_column_text][\/vc_column_inner][vc_column_inner width=&#8221;1\/5&#8243;][\/vc_column_inner][\/vc_row_inner][\/vc_column][\/vc_row][vc_row][vc_column]<div class=\"boc_divider_holder\"><div class=\"boc_divider  \"  style=\"margin-top: 20px;margin-bottom: 20px;height: 1px;background: #eeeeee;\"><\/div><\/div><h2 class=\"boc_heading  al_left  \"  style=\"margin-bottom: 20px;margin-top: 0px;color: #333333;\"><span><strong>Ultimas Noticias <\/strong><\/span><\/h2><div class=\"boc_divider_holder\"><div class=\"boc_divider  \"  style=\"margin-top: 20px;margin-bottom: 20px;height: 1px;background: #eeeeee;\"><\/div><\/div><div class=\"posts_carousel_holder \">\n\t\t\t\t\t\t<div id=\"posts_carousel_5532\" style=\"opacity:0;\"><div class=\"post_item_block  boc_owl_lazy \"><div class=\"pic  img_hover_effect2\"><a href=\"https:\/\/www.hcdcoronelsuarez.gob.ar\/index.php\/2022\/02\/19\/la-comision-de-becas-mantuvo-su-primer-encuentro-del-ano\/\"><img decoding=\"async\" src=\"https:\/\/www.hcdcoronelsuarez.gob.ar\/wp-content\/uploads\/2022\/02\/becas2022-600x380.jpg\"\/><div class=\"img_overlay\"><span class=\"hover_icon icon_plus\"><\/span><\/div><\/a><\/div><div class=\"post_item_desc dark_links\"><div class=\"small_post_date_left\">\n\t\t\t\t\t\t\t\t\t\t\t\t<span class=\"small_day\">19<\/span>\n\t\t\t\t\t\t\t\t\t\t\t\t<span class=\"small_month\">Feb<\/span>\n\t\t\t\t\t\t\t\t\t\t\t<\/div><div class=\"small_post_desc_right\"><h4><a href=\"https:\/\/www.hcdcoronelsuarez.gob.ar\/index.php\/2022\/02\/19\/la-comision-de-becas-mantuvo-su-primer-encuentro-del-ano\/\">La comisi\u00f3n de Becas mantuvo su primer encuentro del a\u00f1o<\/a><\/h4><p>De cara al inminente inicio del tratamiento de las nuevas Becas Municipales que se otorgar\u00e1n este 2022 para estudiantes terciarios y universitarios que ...<\/p><a href=\"https:\/\/www.hcdcoronelsuarez.gob.ar\/index.php\/2022\/02\/19\/la-comision-de-becas-mantuvo-su-primer-encuentro-del-ano\/\" class='more-link2'>Leer m&aacutes...<\/a><\/div>\t\t<\/div>\n\t\t\t\t<\/div><div class=\"post_item_block  boc_owl_lazy \"><div class=\"pic  img_hover_effect2\"><a href=\"https:\/\/www.hcdcoronelsuarez.gob.ar\/index.php\/2019\/03\/16\/por-unanimidad-los-concejales-aprobaron-aumentos-en-los-montos-de-las-becas-estudiantiles\/\"><img decoding=\"async\" src=\"https:\/\/www.hcdcoronelsuarez.gob.ar\/wp-content\/uploads\/2019\/03\/87_8c52_IMG_9101_1552714310.jpg_800-600x380.jpg\"\/><div class=\"img_overlay\"><span class=\"hover_icon icon_plus\"><\/span><\/div><\/a><\/div><div class=\"post_item_desc dark_links\"><div class=\"small_post_date_left\">\n\t\t\t\t\t\t\t\t\t\t\t\t<span class=\"small_day\">16<\/span>\n\t\t\t\t\t\t\t\t\t\t\t\t<span class=\"small_month\">Mar<\/span>\n\t\t\t\t\t\t\t\t\t\t\t<\/div><div class=\"small_post_desc_right\"><h4><a href=\"https:\/\/www.hcdcoronelsuarez.gob.ar\/index.php\/2019\/03\/16\/por-unanimidad-los-concejales-aprobaron-aumentos-en-los-montos-de-las-becas-estudiantiles\/\">Por unanimidad los Concejales aprobaron aumentos en los montos de las Becas Estudiantiles.<\/a><\/h4><p>La Comisi\u00f3n de Becas del Concejo Deliberante inform\u00f3 el pasado jueves aumentos en los montos que cobrar\u00e1 cada becado, con porcentajes de incremento que ...<\/p><a href=\"https:\/\/www.hcdcoronelsuarez.gob.ar\/index.php\/2019\/03\/16\/por-unanimidad-los-concejales-aprobaron-aumentos-en-los-montos-de-las-becas-estudiantiles\/\" class='more-link2'>Leer m&aacutes...<\/a><\/div>\t\t<\/div>\n\t\t\t\t<\/div><div class=\"post_item_block  boc_owl_lazy \"><div class=\"pic  img_hover_effect2\"><a href=\"https:\/\/www.hcdcoronelsuarez.gob.ar\/index.php\/2018\/03\/21\/se-reunio-la-comision-de-interpretacion-y-reglamento-del-concejo-deliberante\/\"><img decoding=\"async\" src=\"https:\/\/www.hcdcoronelsuarez.gob.ar\/wp-content\/uploads\/2018\/03\/87_c97c_IMG_20180223_114314841_1519604483.jpg_800-600x380.jpg\"\/><div class=\"img_overlay\"><span class=\"hover_icon icon_plus\"><\/span><\/div><\/a><\/div><div class=\"post_item_desc dark_links\"><div class=\"small_post_date_left\">\n\t\t\t\t\t\t\t\t\t\t\t\t<span class=\"small_day\">21<\/span>\n\t\t\t\t\t\t\t\t\t\t\t\t<span class=\"small_month\">Mar<\/span>\n\t\t\t\t\t\t\t\t\t\t\t<\/div><div class=\"small_post_desc_right\"><h4><a href=\"https:\/\/www.hcdcoronelsuarez.gob.ar\/index.php\/2018\/03\/21\/se-reunio-la-comision-de-interpretacion-y-reglamento-del-concejo-deliberante\/\">Se reuni\u00f3 la Comisi\u00f3n de Interpretaci\u00f3n y Reglamento del Concejo Deliberante.<\/a><\/h4><p>Se analizaron varios temas, entre ellos la incorporaci\u00f3n del personal de cirug\u00eda del Hospital Municipal a la ordenanza de trabajo insalubre, Semana del ...<\/p><a href=\"https:\/\/www.hcdcoronelsuarez.gob.ar\/index.php\/2018\/03\/21\/se-reunio-la-comision-de-interpretacion-y-reglamento-del-concejo-deliberante\/\" class='more-link2'>Leer m&aacutes...<\/a><\/div>\t\t<\/div>\n\t\t\t\t<\/div><div class=\"post_item_block  boc_owl_lazy \"><div class=\"pic  img_hover_effect2\"><a href=\"https:\/\/www.hcdcoronelsuarez.gob.ar\/index.php\/2018\/03\/21\/se-formo-una-comision-codificadora-en-el-concejo-deliberante\/\"><img decoding=\"async\" src=\"https:\/\/www.hcdcoronelsuarez.gob.ar\/wp-content\/uploads\/2018\/03\/87_f3b0_portadaZ1_1521075329.jpg_800-600x380.jpg\"\/><div class=\"img_overlay\"><span class=\"hover_icon icon_plus\"><\/span><\/div><\/a><\/div><div class=\"post_item_desc dark_links\"><div class=\"small_post_date_left\">\n\t\t\t\t\t\t\t\t\t\t\t\t<span class=\"small_day\">21<\/span>\n\t\t\t\t\t\t\t\t\t\t\t\t<span class=\"small_month\">Mar<\/span>\n\t\t\t\t\t\t\t\t\t\t\t<\/div><div class=\"small_post_desc_right\"><h4><a href=\"https:\/\/www.hcdcoronelsuarez.gob.ar\/index.php\/2018\/03\/21\/se-formo-una-comision-codificadora-en-el-concejo-deliberante\/\">Se form\u00f3 una Comisi\u00f3n Codificadora en el Concejo Deliberante.<\/a><\/h4><p>Para ordenar las disposiciones que establecen multas y contravenciones. La finalidad de esta Comisi\u00f3n es analizar y reconocer la legislaci\u00f3n vigente a nivel ...<\/p><a href=\"https:\/\/www.hcdcoronelsuarez.gob.ar\/index.php\/2018\/03\/21\/se-formo-una-comision-codificadora-en-el-concejo-deliberante\/\" class='more-link2'>Leer m&aacutes...<\/a><\/div>\t\t<\/div>\n\t\t\t\t<\/div><\/div><\/div>\n\t\t\t\t\t\t\t<!-- Posts Carousel -->\n\t\t\t\t\t\t\t<script type=\"text\/javascript\">\n\t\t\t\t\t\t\t\t\t\t\n\t\t\t\t\t\t\t\tjQuery(document).ready(function($) {\t\t\t\n\t\t\t\t\t\t\t\t\t\n\t\t\t\t\t\t\t\t\t\/\/ Load carousel after its images are loaded\n\t\t\t\t\t\t\t\t\tpreloadImages($(\"#posts_carousel_5532 img\"), function () {\n\t\t\t\t\t\t\t\t\t\t\n\t\t\t\t\t\t\t\t\t\tvar carousel = $(\"#posts_carousel_5532\");\n\t\t\t\t\t\t\t\t\t\t\n\t\t\t\t\t\t\t\t\t\tvar args = {\n\t\t\t\t\t\t\t\t\t\t\titems: \t\t\t\t3,\n\t\t\t\t\t\t\t\t\t\t\tautoplay:\t\t\ttrue,\n\t\t\t\t\t\t\t\t\t\t\tautoplayTimeout:\t6000,\n\t\t\t\t\t\t\t\t\t\t\tloop: \t\t\t\ttrue,\n\t\t\t\t\t\t\t\t\t\t\tnav: \t\t\t\ttrue,\n\t\t\t\t\t\t\t\t\t\t\tdots: \t\t\t\tfalse,\n\t\t\t\t\t\t\t\t\t\t\tautoHeight: \t\tfalse,\n\t\t\t\t\t\t\t\t\t\t\tnavText:\t\t\t[\"<span class='icon icon-arrow-left7'><\/span>\",\"<span class='icon icon-arrow-right7'><\/span>\"],\n\t\t\t\t\t\t\t\t\t\t\tslideBy: \t\t\t1,\n\t\t\t\t\t\t\t\t\t\t\t\n\t\t\t\t\t\t\t\t\t\t\tnavRewind: false,\n\t\t\t\t\t\t\t\t\t\t\trtl : \t\t\t\tfalse,\n\t\t\t\t\t\t\t\t\t\t\tmargin:30,\n\t\t\t\t\t\t\t\t\t\t\tresponsive:{\n\t\t\t\t\t\t\t\t\t\t\t\t0:{\n\t\t\t\t\t\t\t\t\t\t\t\t  items:1,\n\t\t\t\t\t\t\t\t\t\t\t\t},\n\t\t\t\t\t\t\t\t\t\t\t\t480:{\n\t\t\t\t\t\t\t\t\t\t\t\t  items:1,\n\t\t\t\t\t\t\t\t\t\t\t\t  margin:20,\n\t\t\t\t\t\t\t\t\t\t\t\t},\n\t\t\t\t\t\t\t\t\t\t\t\t769:{\n\t\t\t\t\t\t\t\t\t\t\t\t  items:3\n\t\t\t\t\t\t\t\t\t\t\t\t}\n\t\t\t\t\t\t\t\t\t\t\t},\n\t\t\t\t\t\t\t\t\t\t\tonInitialized:  showCarousel_5532\n\t\t\t\t\t\t\t\t\t\t};\n\n\t\t\t\t\t\t\t\t\t\tcarousel.owlCarousel(args);\n\n\t\t\t\t\t\t\t\t\t\tvar initital_width = carousel.css(\"width\");\n\t\t\t\t\t\t\t\t\t\t\n\t\t\t\t\t\t\t\t\t\t\/* Refresh it for full width rows *\/\n\t\t\t\t\t\t\t\t\t\t$(window).load(function(){\n\t\t\t\t\t\t\t\t\t\t\tif(carousel.css(\"width\") != initital_width) {\n\t\t\t\t\t\t\t\t\t\t\t\tcarousel.trigger(\"destroy.owl.carousel\").removeClass(\"owl-carousel owl-loaded\");\n\t\t\t\t\t\t\t\t\t\t\t\tcarousel.find(\".owl-stage-outer\").children().unwrap();\n\t\t\t\t\t\t\t\t\t\t\t\tcarousel.owlCarousel(args);\n\t\t\t\t\t\t\t\t\t\t\t}\n\t\t\t\t\t\t\t\t\t\t});\n\t\t\t\t\t\t\t\t\t});\n\t\t\t\t\t\t\t\t\t\n\t\t\t\t\t\t\t\t\t\n\t\t\t\t\t\t\t\t\t\/* Show once loaded *\/\n\t\t\t\t\t\t\t\t\tfunction showCarousel_5532() {\n\t\t\t\t\t\t\t\t\t\t$(\"#posts_carousel_5532\").fadeTo(0,1);\n\t\t\t\t\t\t\t\t\t\t$(\"#posts_carousel_5532 .owl-item .boc_owl_lazy\").css(\"opacity\",\"1\");\n\t\t\t\t\t\t\t\t\t}\n\t\t\t\t\t\t\t\t\t\n\t\t\t\t\t\t\t\t});\n\t\t\t\t\t\t\t\t\n\t\t\t\t\t\t\t<\/script>\n\t\t\t\t\t\t\t<!-- Posts Carousel :: END -->\t            \n\t\t\t\t\t[\/vc_column][\/vc_row]<\/p>\n<\/section>","protected":false},"excerpt":{"rendered":"<p>[vc_row full_width=&#8221;stretch_row&#8221; bg_type=&#8221;image&#8221; parallax_style=&#8221;vcpb-animated&#8221; bg_image_new=&#8221;105&#8243; animation_direction=&#8221;bottom-animation&#8221; disable_on_mobile_img_parallax=&#8221;off&#8221; parallax_content=&#8221;parallax_content_value&#8221; parallax_content_sense=&#8221;70&#8243; fadeout_row=&#8221;fadeout_row_value&#8221; fadeout_start_effect=&#8221;50&#8243; enable_overlay=&#8221;enable_overlay_value&#8221; overlay_pattern=&#8221;09.png&#8221; seperator_enable=&#8221;seperator_enable_value&#8221; seperator_type=&#8221;multi_triangle_seperator&#8221; seperator_position=&#8221;bottom_seperator&#8221; seperator_svg_height=&#8221;100&#8243; seperator_shape_background=&#8221;#ffffff&#8221; css=&#8221;.vc_custom_1529064766889{padding-top: 200px !important;padding-bottom: 150px !important;}&#8221;][vc_column][\/vc_column][\/vc_row][vc_row][vc_column][\/vc_column][\/vc_row][vc_row][vc_column][vc_row_inner][vc_column_inner width=&#8221;1\/5&#8243;][vc_column_text] Minnig, Elisabeth Arroquy, Evangelina Lacoste, Mar\u00eda Jos\u00e9 Benz, Alejandro [\/vc_column_text][\/vc_column_inner][vc_column_inner width=&#8221;1\/5&#8243;][vc_column_text] Bonnaterre, Juan Manuel Fernandez, Lourdes Schulmeister, Hugo Diez, Flavio Benz, Alejandro [\/vc_column_text][\/vc_column_inner][vc_column_inner width=&#8221;1\/5&#8243;][vc_column_text] Speranza, Mar\u00eda Luj\u00e1n Lacoste, Mar\u00eda Jos\u00e9 Benz, Alejandro Moccero, Mauro [\/vc_column_text][\/vc_column_inner][vc_column_inner width=&#8221;1\/5&#8243;][vc_column_text]<\/p>\n<div class=\"h10\"><\/div>\n<p><a class=\"more-link1\" href=\"https:\/\/www.hcdcoronelsuarez.gob.ar\/index.php\/2018\/03\/21\/se-formo-una-comision-codificadora-en-el-concejo-deliberante\/\">Read more<\/a><\/p>\n","protected":false},"author":1,"featured_media":0,"parent":0,"menu_order":0,"comment_status":"closed","ping_status":"closed","template":"","meta":{"footnotes":""},"class_list":["post-17","page","type-page","status-publish","hentry"],"_links":{"self":[{"href":"https:\/\/www.hcdcoronelsuarez.gob.ar\/index.php\/wp-json\/wp\/v2\/pages\/17","targetHints":{"allow":["GET"]}}],"collection":[{"href":"https:\/\/www.hcdcoronelsuarez.gob.ar\/index.php\/wp-json\/wp\/v2\/pages"}],"about":[{"href":"https:\/\/www.hcdcoronelsuarez.gob.ar\/index.php\/wp-json\/wp\/v2\/types\/page"}],"author":[{"embeddable":true,"href":"https:\/\/www.hcdcoronelsuarez.gob.ar\/index.php\/wp-json\/wp\/v2\/users\/1"}],"replies":[{"embeddable":true,"href":"https:\/\/www.hcdcoronelsuarez.gob.ar\/index.php\/wp-json\/wp\/v2\/comments?post=17"}],"version-history":[{"count":55,"href":"https:\/\/www.hcdcoronelsuarez.gob.ar\/index.php\/wp-json\/wp\/v2\/pages\/17\/revisions"}],"predecessor-version":[{"id":1360,"href":"https:\/\/www.hcdcoronelsuarez.gob.ar\/index.php\/wp-json\/wp\/v2\/pages\/17\/revisions\/1360"}],"wp:attachment":[{"href":"https:\/\/www.hcdcoronelsuarez.gob.ar\/index.php\/wp-json\/wp\/v2\/media?parent=17"}],"curies":[{"name":"wp","href":"https:\/\/api.w.org\/{rel}","templated":true}]}}